{"id":9387,"date":"2023-01-17T14:13:09","date_gmt":"2023-01-17T18:13:09","guid":{"rendered":"https:\/\/caid.gob.do\/caid\/?page_id=9387"},"modified":"2025-11-20T17:59:01","modified_gmt":"2025-11-20T21:59:01","slug":"dr-hector-freddy-mateo-florian","status":"publish","type":"page","link":"https:\/\/caid.gob.do\/caid\/inicio\/sobre-nosotros\/directorio-de-funcionarios\/dr-hector-freddy-mateo-florian\/","title":{"rendered":"H\u00e9ctor Freddy Mateo Flor\u00edan"},"content":{"rendered":"\t\t<div data-elementor-type=\"wp-page\" data-elementor-id=\"9387\" class=\"elementor elementor-9387\" data-elementor-post-type=\"page\">\n\t\t\t\t<div class=\"elementor-element elementor-element-6fbadb9 e-con-full e-flex e-con e-parent\" data-id=\"6fbadb9\" data-element_type=\"container\" data-e-type=\"container\">\n\t\t\t\t<div class=\"elementor-element elementor-element-3b63e07 elementor-widget elementor-widget-heading\" data-id=\"3b63e07\" data-element_type=\"widget\" data-e-type=\"widget\" data-widget_type=\"heading.default\">\n\t\t\t\t<div class=\"elementor-widget-container\">\n\t\t\t\t\t<h2 class=\"elementor-heading-title elementor-size-default\">Director Sede San Juan de la Maguana<\/h2>\t\t\t\t<\/div>\n\t\t\t\t<\/div>\n\t\t\t\t<div class=\"elementor-element elementor-element-bdaafcd elementor-widget elementor-widget-text-editor\" data-id=\"bdaafcd\" data-element_type=\"widget\" data-e-type=\"widget\" data-widget_type=\"text-editor.default\">\n\t\t\t\t<div class=\"elementor-widget-container\">\n\t\t\t\t\t\t\t\t\t<p><img loading=\"lazy\" decoding=\"async\" class=\"wp-image-14779 alignleft\" src=\"https:\/\/caid.gob.do\/caid\/wp-content\/uploads\/perfil-dir-medico-Hector-Freddy-Mateo.jpg\" alt=\"\" width=\"355\" height=\"502\" \/><\/p><p>Egresado de la Universidad Aut\u00f3noma de Santo Domingo (UASD) con el grado de doctor en Medicina. Posee un m\u00e1ster en Pediatr\u00eda en Hospital Militar Docente Dr. Ram\u00f3n de Lara, Fuerza A\u00e9rea de la Rep\u00fablica Dominicana, con el aval de la Universidad Central del Este (UCE).<\/p><p>Realiz\u00f3 un curso de diagn\u00f3stico y manejo de enfermedades raras por deposito lisosomal en Guayaquil, Ecuador.<\/p><p>Trabaj\u00f3 como m\u00e9dico pediatra en el Centro de Atenci\u00f3n Integral para la Discapacidad (CAID) San Juan en el periodo 2017-2018.<\/p><p>Fue presidente de la Sociedad Dominicana de Pediatr\u00eda, filial San Juan, gesti\u00f3n 2018-2020. Es miembro activo de la Sociedad Dominicana de Pediatr\u00eda y coautor de cinco trabajos cient\u00edficos avalados por el Colegio M\u00e9dico Dominicano y la Universidad Central del Este (UCE).<\/p>\t\t\t\t\t\t\t\t<\/div>\n\t\t\t\t<\/div>\n\t\t\t\t<div class=\"elementor-element elementor-element-9724a55 elementor-widget elementor-widget-text-editor\" data-id=\"9724a55\" data-element_type=\"widget\" data-e-type=\"widget\" data-widget_type=\"text-editor.default\">\n\t\t\t\t<div class=\"elementor-widget-container\">\n\t\t\t\t\t\t\t\t\t<p style=\"text-align: left;\"><strong>Normativa:<\/strong><\/p><p style=\"text-align: left;\">Designado mediante Decreto 329-22 Director CAID San Juan.<br \/>Decreto n\u00fam. 170-21 que crea el Centro de Atenci\u00f3n Integral para la Discapacidad, adscrito al MSP<\/p><p style=\"text-align: left;\"><strong>Objetivo:<\/strong><\/p><p style=\"text-align: left;\">Velar por correcta implementaci\u00f3n de los lineamientos y pol\u00edticas emanados desde la direcci\u00f3n nacional, as\u00ed como tambi\u00e9n asegurar la calidad y uniformidad de los servicios brindados por la instituci\u00f3n en el territorio.<\/p><p style=\"text-align: left;\"><strong>Funciones principales:<\/strong><\/p><ul><li style=\"text-align: left;\">Ejecutar los planes y pol\u00edticas de sensibilizaci\u00f3n y capacitaci\u00f3n de familias, comunidades y centros educativos para procesos de rehabilitaci\u00f3n de los ni\u00f1os con trastorno del espectro autistas, s\u00edndrome de Down, par\u00e1lisis cerebral o cualquier otra condici\u00f3n incluida a futuro por el Consejo Directivo del CAID.<\/li><li style=\"text-align: left;\">Ejecutar las pol\u00edticas p\u00fablicas, planes y proyectos desarrollados por el Consejo Directivo del CAID y la Direcci\u00f3n Nacional, e informar sobre sus avances.<\/li><li style=\"text-align: left;\">Dirigir y supervisar el servicio de evaluaci\u00f3n profesional del desarrollo, las intervenciones terap\u00e9uticas y la calidad de los servicios realizados en sus respectivos establecimientos.<\/li><li style=\"text-align: left;\">Realizar las evaluaciones de desempe\u00f1o de los empleados del centro al que pertenece, bajo las directrices del MAP y realizar las recomendaciones correspondientes.<\/li><li style=\"text-align: left;\">Velar por el buen funcionamiento de los equipos y las maquinarias destinadas a los respectivos establecimientos, as\u00ed como el mantenimiento de estos.<\/li><li style=\"text-align: left;\">Recomendar al Consejo Directivo, mediante su secretario, la conclusi\u00f3n de acuerdos de cooperaci\u00f3n con instituciones p\u00fablicas y privadas con cercan\u00eda geogr\u00e1fica al establecimiento que dirige.<\/li><li style=\"text-align: left;\">Impartir conferencias en seminarios, talleres, congresos y jornadas sobre diferentes t\u00f3picos del CAID, cuando as\u00ed le sea requerido por la Direcci\u00f3n Nacional.<\/li><li style=\"text-align: left;\">Participar como miembros de los comit\u00e9s de bio\u00e9tica que puedan corresponder.<\/li><li style=\"text-align: left;\">Dirigir los equipos m\u00e9dicos en los tratamientos de ni\u00f1os y las ni\u00f1as en todos los casos, sobre todo, los que se consideren de alta complejidad.<\/li><li style=\"text-align: left;\">Salvaguardar los bienes y la propiedad del establecimiento del CAID que se encuentre a su cargo.<\/li><li style=\"text-align: left;\">Conocer y decidir sobre las reconsideraciones sometidas por los usuarios respecto las determinaciones socioecon\u00f3micas, tratamientos o diagn\u00f3sticos.<\/li><li style=\"text-align: left;\">Supervisar la correcta aplicaci\u00f3n de los Programas Terap\u00e9uticos Individualizados.<\/li><li style=\"text-align: left;\">Realizar otras funciones que sean inherentes a su cargo, siempre que dichas actuaciones no sean competencia de otra unidad funcional del CAID.<\/li><\/ul>\t\t\t\t\t\t\t\t<\/div>\n\t\t\t\t<\/div>\n\t\t\t\t<\/div>\n\t\t\t\t<\/div>\n\t\t","protected":false},"excerpt":{"rendered":"<p>Egresado de la Universidad Aut\u00f3noma de Santo Domingo (UASD) con el grado de doctor en Medicina. Posee un m\u00e1ster en Pediatr\u00eda en Hospital Militar Docente Dr. Ram\u00f3n de Lara, Fuerza A\u00e9rea de la Rep\u00fablica Dominicana, con el aval de la Universidad Central del Este (UCE).<\/p>\n","protected":false},"author":1,"featured_media":14779,"parent":145,"menu_order":0,"comment_status":"closed","ping_status":"closed","template":"","meta":{"_acf_changed":false,"footnotes":""},"class_list":["post-9387","page","type-page","status-publish","has-post-thumbnail","hentry"],"acf":[],"yoast_head":"<!-- This site is optimized with the Yoast SEO plugin v27.0 - https:\/\/yoast.com\/product\/yoast-seo-wordpress\/ -->\r\n<title>H\u00e9ctor Freddy Mateo Flor\u00edan - CAID<\/title>\r\n<meta name=\"robots\" content=\"index, follow, max-snippet:-1, max-image-preview:large, max-video-preview:-1\" \/>\r\n<link rel=\"canonical\" href=\"https:\/\/caid.gob.do\/caid\/inicio\/sobre-nosotros\/directorio-de-funcionarios\/dr-hector-freddy-mateo-florian\/\" \/>\r\n<meta property=\"og:locale\" content=\"es_ES\" \/>\r\n<meta property=\"og:type\" content=\"article\" \/>\r\n<meta property=\"og:title\" content=\"H\u00e9ctor Freddy Mateo Flor\u00edan - CAID\" \/>\r\n<meta property=\"og:description\" content=\"Egresado de la Universidad Aut\u00f3noma de Santo Domingo (UASD) con el grado de doctor en Medicina. Posee un m\u00e1ster en Pediatr\u00eda en Hospital Militar Docente Dr. Ram\u00f3n de Lara, Fuerza A\u00e9rea de la Rep\u00fablica Dominicana, con el aval de la Universidad Central del Este (UCE).\" \/>\r\n<meta property=\"og:url\" content=\"https:\/\/caid.gob.do\/caid\/inicio\/sobre-nosotros\/directorio-de-funcionarios\/dr-hector-freddy-mateo-florian\/\" \/>\r\n<meta property=\"og:site_name\" content=\"CAID\" \/>\r\n<meta property=\"article:publisher\" content=\"https:\/\/www.facebook.com\/redcaidrd\" \/>\r\n<meta property=\"article:modified_time\" content=\"2025-11-20T21:59:01+00:00\" \/>\r\n<meta property=\"og:image\" content=\"https:\/\/caid.gob.do\/caid\/wp-content\/uploads\/perfil-dir-medico-Hector-Freddy-Mateo.jpg\" \/>\r\n\t<meta property=\"og:image:width\" content=\"2481\" \/>\r\n\t<meta property=\"og:image:height\" content=\"3508\" \/>\r\n\t<meta property=\"og:image:type\" content=\"image\/jpeg\" \/>\r\n<meta name=\"twitter:card\" content=\"summary_large_image\" \/>\r\n<meta name=\"twitter:site\" content=\"@CAIDRDO\" \/>\r\n<meta name=\"twitter:label1\" content=\"Est. reading time\" \/>\n\t<meta name=\"twitter:data1\" content=\"3 minutos\" \/>\r\n<script type=\"application\/ld+json\" class=\"yoast-schema-graph\">{\"@context\":\"https:\/\/schema.org\",\"@graph\":[{\"@type\":\"WebPage\",\"@id\":\"https:\/\/caid.gob.do\/caid\/inicio\/sobre-nosotros\/directorio-de-funcionarios\/dr-hector-freddy-mateo-florian\/\",\"url\":\"https:\/\/caid.gob.do\/caid\/inicio\/sobre-nosotros\/directorio-de-funcionarios\/dr-hector-freddy-mateo-florian\/\",\"name\":\"H\u00e9ctor Freddy Mateo Flor\u00edan - CAID\",\"isPartOf\":{\"@id\":\"https:\/\/caid.gob.do\/caid\/#website\"},\"primaryImageOfPage\":{\"@id\":\"https:\/\/caid.gob.do\/caid\/inicio\/sobre-nosotros\/directorio-de-funcionarios\/dr-hector-freddy-mateo-florian\/#primaryimage\"},\"image\":{\"@id\":\"https:\/\/caid.gob.do\/caid\/inicio\/sobre-nosotros\/directorio-de-funcionarios\/dr-hector-freddy-mateo-florian\/#primaryimage\"},\"thumbnailUrl\":\"https:\/\/caid.gob.do\/caid\/wp-content\/uploads\/perfil-dir-medico-Hector-Freddy-Mateo.jpg\",\"datePublished\":\"2023-01-17T18:13:09+00:00\",\"dateModified\":\"2025-11-20T21:59:01+00:00\",\"breadcrumb\":{\"@id\":\"https:\/\/caid.gob.do\/caid\/inicio\/sobre-nosotros\/directorio-de-funcionarios\/dr-hector-freddy-mateo-florian\/#breadcrumb\"},\"inLanguage\":\"es-DO\",\"potentialAction\":[{\"@type\":\"ReadAction\",\"target\":[\"https:\/\/caid.gob.do\/caid\/inicio\/sobre-nosotros\/directorio-de-funcionarios\/dr-hector-freddy-mateo-florian\/\"]}]},{\"@type\":\"ImageObject\",\"inLanguage\":\"es-DO\",\"@id\":\"https:\/\/caid.gob.do\/caid\/inicio\/sobre-nosotros\/directorio-de-funcionarios\/dr-hector-freddy-mateo-florian\/#primaryimage\",\"url\":\"https:\/\/caid.gob.do\/caid\/wp-content\/uploads\/perfil-dir-medico-Hector-Freddy-Mateo.jpg\",\"contentUrl\":\"https:\/\/caid.gob.do\/caid\/wp-content\/uploads\/perfil-dir-medico-Hector-Freddy-Mateo.jpg\",\"width\":2481,\"height\":3508},{\"@type\":\"BreadcrumbList\",\"@id\":\"https:\/\/caid.gob.do\/caid\/inicio\/sobre-nosotros\/directorio-de-funcionarios\/dr-hector-freddy-mateo-florian\/#breadcrumb\",\"itemListElement\":[{\"@type\":\"ListItem\",\"position\":1,\"name\":\"Est\u00e1s aqu\u00ed:\",\"item\":\"https:\/\/caid.gob.do\/caid\/\"},{\"@type\":\"ListItem\",\"position\":2,\"name\":\"Inicio\",\"item\":\"https:\/\/caid.gob.do\/caid\/\"},{\"@type\":\"ListItem\",\"position\":3,\"name\":\"Sobre nosotros\",\"item\":\"https:\/\/caid.gob.do\/caid\/pagina-de-inicio\/sobre-nosotros\/\"},{\"@type\":\"ListItem\",\"position\":4,\"name\":\"Directores de Sedes\",\"item\":\"https:\/\/caid.gob.do\/caid\/inicio\/sobre-nosotros\/directorio-de-funcionarios\/\"},{\"@type\":\"ListItem\",\"position\":5,\"name\":\"H\u00e9ctor Freddy Mateo Flor\u00edan\"}]},{\"@type\":\"WebSite\",\"@id\":\"https:\/\/caid.gob.do\/caid\/#website\",\"url\":\"https:\/\/caid.gob.do\/caid\/\",\"name\":\"CAID\",\"description\":\"Centro de Atenci\u00f3n Integral a la Discapacidad\",\"publisher\":{\"@id\":\"https:\/\/caid.gob.do\/caid\/#organization\"},\"potentialAction\":[{\"@type\":\"SearchAction\",\"target\":{\"@type\":\"EntryPoint\",\"urlTemplate\":\"https:\/\/caid.gob.do\/caid\/?s={search_term_string}\"},\"query-input\":{\"@type\":\"PropertyValueSpecification\",\"valueRequired\":true,\"valueName\":\"search_term_string\"}}],\"inLanguage\":\"es-DO\"},{\"@type\":\"Organization\",\"@id\":\"https:\/\/caid.gob.do\/caid\/#organization\",\"name\":\"Centro de Atenci\u00f3n Integral para la Discapacidad\",\"url\":\"https:\/\/caid.gob.do\/caid\/\",\"logo\":{\"@type\":\"ImageObject\",\"inLanguage\":\"es-DO\",\"@id\":\"https:\/\/caid.gob.do\/caid\/#\/schema\/logo\/image\/\",\"url\":\"https:\/\/caid.gob.do\/caid\/wp-content\/uploads\/CAID-LOGOS-EN-PNG_Mesa-de-trabajo-1-2-1024x505-1.png\",\"contentUrl\":\"https:\/\/caid.gob.do\/caid\/wp-content\/uploads\/CAID-LOGOS-EN-PNG_Mesa-de-trabajo-1-2-1024x505-1.png\",\"width\":1024,\"height\":505,\"caption\":\"Centro de Atenci\u00f3n Integral para la Discapacidad\"},\"image\":{\"@id\":\"https:\/\/caid.gob.do\/caid\/#\/schema\/logo\/image\/\"},\"sameAs\":[\"https:\/\/www.facebook.com\/redcaidrd\",\"https:\/\/x.com\/CAIDRDO\",\"https:\/\/www.instagram.com\/caidrd\/\",\"https:\/\/www.youtube.com\/channel\/UCLnt-fnRlxQdgJQwjgWkrCg\"]}]}<\/script>\r\n<!-- \/ Yoast SEO plugin. -->","yoast_head_json":{"title":"H\u00e9ctor Freddy Mateo Flor\u00edan - CAID","robots":{"index":"index","follow":"follow","max-snippet":"max-snippet:-1","max-image-preview":"max-image-preview:large","max-video-preview":"max-video-preview:-1"},"canonical":"https:\/\/caid.gob.do\/caid\/inicio\/sobre-nosotros\/directorio-de-funcionarios\/dr-hector-freddy-mateo-florian\/","og_locale":"es_ES","og_type":"article","og_title":"H\u00e9ctor Freddy Mateo Flor\u00edan - CAID","og_description":"Egresado de la Universidad Aut\u00f3noma de Santo Domingo (UASD) con el grado de doctor en Medicina. Posee un m\u00e1ster en Pediatr\u00eda en Hospital Militar Docente Dr. Ram\u00f3n de Lara, Fuerza A\u00e9rea de la Rep\u00fablica Dominicana, con el aval de la Universidad Central del Este (UCE).","og_url":"https:\/\/caid.gob.do\/caid\/inicio\/sobre-nosotros\/directorio-de-funcionarios\/dr-hector-freddy-mateo-florian\/","og_site_name":"CAID","article_publisher":"https:\/\/www.facebook.com\/redcaidrd","article_modified_time":"2025-11-20T21:59:01+00:00","og_image":[{"width":2481,"height":3508,"url":"https:\/\/caid.gob.do\/caid\/wp-content\/uploads\/perfil-dir-medico-Hector-Freddy-Mateo.jpg","type":"image\/jpeg"}],"twitter_card":"summary_large_image","twitter_site":"@CAIDRDO","twitter_misc":{"Est. reading time":"3 minutos"},"schema":{"@context":"https:\/\/schema.org","@graph":[{"@type":"WebPage","@id":"https:\/\/caid.gob.do\/caid\/inicio\/sobre-nosotros\/directorio-de-funcionarios\/dr-hector-freddy-mateo-florian\/","url":"https:\/\/caid.gob.do\/caid\/inicio\/sobre-nosotros\/directorio-de-funcionarios\/dr-hector-freddy-mateo-florian\/","name":"H\u00e9ctor Freddy Mateo Flor\u00edan - CAID","isPartOf":{"@id":"https:\/\/caid.gob.do\/caid\/#website"},"primaryImageOfPage":{"@id":"https:\/\/caid.gob.do\/caid\/inicio\/sobre-nosotros\/directorio-de-funcionarios\/dr-hector-freddy-mateo-florian\/#primaryimage"},"image":{"@id":"https:\/\/caid.gob.do\/caid\/inicio\/sobre-nosotros\/directorio-de-funcionarios\/dr-hector-freddy-mateo-florian\/#primaryimage"},"thumbnailUrl":"https:\/\/caid.gob.do\/caid\/wp-content\/uploads\/perfil-dir-medico-Hector-Freddy-Mateo.jpg","datePublished":"2023-01-17T18:13:09+00:00","dateModified":"2025-11-20T21:59:01+00:00","breadcrumb":{"@id":"https:\/\/caid.gob.do\/caid\/inicio\/sobre-nosotros\/directorio-de-funcionarios\/dr-hector-freddy-mateo-florian\/#breadcrumb"},"inLanguage":"es-DO","potentialAction":[{"@type":"ReadAction","target":["https:\/\/caid.gob.do\/caid\/inicio\/sobre-nosotros\/directorio-de-funcionarios\/dr-hector-freddy-mateo-florian\/"]}]},{"@type":"ImageObject","inLanguage":"es-DO","@id":"https:\/\/caid.gob.do\/caid\/inicio\/sobre-nosotros\/directorio-de-funcionarios\/dr-hector-freddy-mateo-florian\/#primaryimage","url":"https:\/\/caid.gob.do\/caid\/wp-content\/uploads\/perfil-dir-medico-Hector-Freddy-Mateo.jpg","contentUrl":"https:\/\/caid.gob.do\/caid\/wp-content\/uploads\/perfil-dir-medico-Hector-Freddy-Mateo.jpg","width":2481,"height":3508},{"@type":"BreadcrumbList","@id":"https:\/\/caid.gob.do\/caid\/inicio\/sobre-nosotros\/directorio-de-funcionarios\/dr-hector-freddy-mateo-florian\/#breadcrumb","itemListElement":[{"@type":"ListItem","position":1,"name":"Est\u00e1s aqu\u00ed:","item":"https:\/\/caid.gob.do\/caid\/"},{"@type":"ListItem","position":2,"name":"Inicio","item":"https:\/\/caid.gob.do\/caid\/"},{"@type":"ListItem","position":3,"name":"Sobre nosotros","item":"https:\/\/caid.gob.do\/caid\/pagina-de-inicio\/sobre-nosotros\/"},{"@type":"ListItem","position":4,"name":"Directores de Sedes","item":"https:\/\/caid.gob.do\/caid\/inicio\/sobre-nosotros\/directorio-de-funcionarios\/"},{"@type":"ListItem","position":5,"name":"H\u00e9ctor Freddy Mateo Flor\u00edan"}]},{"@type":"WebSite","@id":"https:\/\/caid.gob.do\/caid\/#website","url":"https:\/\/caid.gob.do\/caid\/","name":"CAID","description":"Centro de Atenci\u00f3n Integral a la Discapacidad","publisher":{"@id":"https:\/\/caid.gob.do\/caid\/#organization"},"potentialAction":[{"@type":"SearchAction","target":{"@type":"EntryPoint","urlTemplate":"https:\/\/caid.gob.do\/caid\/?s={search_term_string}"},"query-input":{"@type":"PropertyValueSpecification","valueRequired":true,"valueName":"search_term_string"}}],"inLanguage":"es-DO"},{"@type":"Organization","@id":"https:\/\/caid.gob.do\/caid\/#organization","name":"Centro de Atenci\u00f3n Integral para la Discapacidad","url":"https:\/\/caid.gob.do\/caid\/","logo":{"@type":"ImageObject","inLanguage":"es-DO","@id":"https:\/\/caid.gob.do\/caid\/#\/schema\/logo\/image\/","url":"https:\/\/caid.gob.do\/caid\/wp-content\/uploads\/CAID-LOGOS-EN-PNG_Mesa-de-trabajo-1-2-1024x505-1.png","contentUrl":"https:\/\/caid.gob.do\/caid\/wp-content\/uploads\/CAID-LOGOS-EN-PNG_Mesa-de-trabajo-1-2-1024x505-1.png","width":1024,"height":505,"caption":"Centro de Atenci\u00f3n Integral para la Discapacidad"},"image":{"@id":"https:\/\/caid.gob.do\/caid\/#\/schema\/logo\/image\/"},"sameAs":["https:\/\/www.facebook.com\/redcaidrd","https:\/\/x.com\/CAIDRDO","https:\/\/www.instagram.com\/caidrd\/","https:\/\/www.youtube.com\/channel\/UCLnt-fnRlxQdgJQwjgWkrCg"]}]}},"jetpack_sharing_enabled":true,"_links":{"self":[{"href":"https:\/\/caid.gob.do\/caid\/wp-json\/wp\/v2\/pages\/9387","targetHints":{"allow":["GET"]}}],"collection":[{"href":"https:\/\/caid.gob.do\/caid\/wp-json\/wp\/v2\/pages"}],"about":[{"href":"https:\/\/caid.gob.do\/caid\/wp-json\/wp\/v2\/types\/page"}],"author":[{"embeddable":true,"href":"https:\/\/caid.gob.do\/caid\/wp-json\/wp\/v2\/users\/1"}],"replies":[{"embeddable":true,"href":"https:\/\/caid.gob.do\/caid\/wp-json\/wp\/v2\/comments?post=9387"}],"version-history":[{"count":52,"href":"https:\/\/caid.gob.do\/caid\/wp-json\/wp\/v2\/pages\/9387\/revisions"}],"predecessor-version":[{"id":23043,"href":"https:\/\/caid.gob.do\/caid\/wp-json\/wp\/v2\/pages\/9387\/revisions\/23043"}],"up":[{"embeddable":true,"href":"https:\/\/caid.gob.do\/caid\/wp-json\/wp\/v2\/pages\/145"}],"wp:featuredmedia":[{"embeddable":true,"href":"https:\/\/caid.gob.do\/caid\/wp-json\/wp\/v2\/media\/14779"}],"wp:attachment":[{"href":"https:\/\/caid.gob.do\/caid\/wp-json\/wp\/v2\/media?parent=9387"}],"curies":[{"name":"wp","href":"https:\/\/api.w.org\/{rel}","templated":true}]}}