{"id":2494,"date":"2023-03-03T00:59:21","date_gmt":"2023-03-03T00:59:21","guid":{"rendered":"https:\/\/caid.gob.do\/transparencia\/?page_id=2494"},"modified":"2024-02-20T13:31:51","modified_gmt":"2024-02-20T13:31:51","slug":"nomina-de-empleados-2023","status":"publish","type":"page","link":"https:\/\/caid.gob.do\/transparencia\/portal-de-transparencia-del-caid\/recursos-humanos\/nomina-de-empleados\/nomina-de-empleados-2023\/","title":{"rendered":"N\u00f3mina de empleados del a\u00f1o 2023"},"content":{"rendered":"\t\t<div data-elementor-type=\"wp-page\" data-elementor-id=\"2494\" class=\"elementor elementor-2494\" data-elementor-post-type=\"page\">\n\t\t\t\t\t\t<section class=\"elementor-section elementor-top-section elementor-element elementor-element-5651bf8 elementor-section-boxed elementor-section-height-default elementor-section-height-default\" data-id=\"5651bf8\" data-element_type=\"section\" data-e-type=\"section\">\n\t\t\t\t\t\t<div class=\"elementor-container elementor-column-gap-no\">\n\t\t\t\t\t<div class=\"elementor-column elementor-col-100 elementor-top-column elementor-element elementor-element-e6ce403\" data-id=\"e6ce403\" data-element_type=\"column\" data-e-type=\"column\">\n\t\t\t<div class=\"elementor-widget-wrap elementor-element-populated\">\n\t\t\t\t\t\t<div class=\"elementor-element elementor-element-aed2d35 elementor-widget elementor-widget-toggle\" data-id=\"aed2d35\" data-element_type=\"widget\" data-e-type=\"widget\" data-widget_type=\"toggle.default\">\n\t\t\t\t<div class=\"elementor-widget-container\">\n\t\t\t\t\t\t\t<div class=\"elementor-toggle\">\n\t\t\t\t\t\t\t<div class=\"elementor-toggle-item\">\n\t\t\t\t\t<div id=\"elementor-tab-title-1831\" class=\"elementor-tab-title\" data-tab=\"1\" role=\"button\" aria-controls=\"elementor-tab-content-1831\" aria-expanded=\"false\">\n\t\t\t\t\t\t\t\t\t\t\t\t<span class=\"elementor-toggle-icon elementor-toggle-icon-left\" aria-hidden=\"true\">\n\t\t\t\t\t\t\t\t\t\t\t\t\t\t\t<span class=\"elementor-toggle-icon-closed\"><i class=\"fas fa-caret-right\"><\/i><\/span>\n\t\t\t\t\t\t\t\t<span class=\"elementor-toggle-icon-opened\"><i class=\"elementor-toggle-icon-opened fas fa-caret-up\"><\/i><\/span>\n\t\t\t\t\t\t\t\t\t\t\t\t\t<\/span>\n\t\t\t\t\t\t\t\t\t\t\t\t<a class=\"elementor-toggle-title\" tabindex=\"0\">Diciembre<\/a>\n\t\t\t\t\t<\/div>\n\n\t\t\t\t\t<div id=\"elementor-tab-content-1831\" class=\"elementor-tab-content elementor-clearfix\" data-tab=\"1\" role=\"region\" aria-labelledby=\"elementor-tab-title-1831\"><div class=\"grid\"><div><img decoding=\"async\" class=\"iconpdf\" src=\"https:\/\/caid.gob.do\/transparencia\/wp-content\/uploads\/iconos-para-web-09.png\" \/><\/div><div>N\u00f3mina de diciembre &#8211; 2023<strong>DESCARGAR<\/strong><\/div><\/div><hr \/><div class=\"grid\"><div><img decoding=\"async\" class=\"iconpdf\" src=\"https:\/\/caid.gob.do\/transparencia\/wp-content\/uploads\/iconos-para-web-08.png\" \/><\/div><div><p>N\u00f3mina fija de diciembre &#8211; 2023<\/p><p><a href=\"https:\/\/caid.gob.do\/transparencia\/wp-content\/uploads\/Nomina-Personal-Fijo-Diciembre-2023_0001.pdf\" target=\"_blank\" rel=\"noopener\"><strong>DESCARGAR<\/strong><\/a><\/p><\/div><\/div><hr \/><div class=\"grid\"><div><img decoding=\"async\" class=\"iconpdf\" src=\"https:\/\/caid.gob.do\/transparencia\/wp-content\/uploads\/iconos-para-web-08.png\" \/><\/div><div><p>N\u00f3mina vigilante de diciembre &#8211; 2023<\/p><p><a href=\"https:\/\/caid.gob.do\/transparencia\/wp-content\/uploads\/Nomina-Vigilancia-Diciembre-2023_0001.pdf\" target=\"_blank\" rel=\"noopener\"><strong>DESCARGAR<\/strong><\/a><\/p><\/div><\/div><hr \/><div class=\"grid\"><div><img decoding=\"async\" class=\"iconpdf\" src=\"https:\/\/caid.gob.do\/transparencia\/wp-content\/uploads\/iconos-para-web-08.png\" \/><\/div><div><p>N\u00f3mina eventual de diciembre &#8211; 2023<\/p><p><strong>DESCARGAR<\/strong><\/p><\/div><\/div><hr \/><div class=\"grid\"><div><img decoding=\"async\" class=\"iconpdf\" src=\"https:\/\/caid.gob.do\/transparencia\/wp-content\/uploads\/iconos-para-web-08.png\" \/><\/div><div><p>N\u00f3mina temporal de diciembre &#8211; 2023<\/p><p><a href=\"https:\/\/caid.gob.do\/transparencia\/wp-content\/uploads\/Nomina-empleados-Temporales-Diciembre-2023_0001.pdf\" target=\"_blank\" rel=\"noopener\"><strong>DESCARGAR<\/strong><\/a><\/p><\/div><\/div><hr \/><div class=\"grid\"><div><img decoding=\"async\" class=\"iconpdf\" src=\"https:\/\/caid.gob.do\/transparencia\/wp-content\/uploads\/iconos-para-web-08.png\" \/><\/div><div><p>N\u00f3mina pensi\u00f3n de diciembre &#8211; 2023<\/p><p><a href=\"https:\/\/caid.gob.do\/transparencia\/wp-content\/uploads\/Nomina-Tramite-Pension-Diciembre-2023_0001.pdf\" target=\"_blank\" rel=\"noopener\"><strong>DESCARGAR<\/strong><\/a><\/p><\/div><\/div><\/div>\n\t\t\t\t<\/div>\n\t\t\t\t\t\t\t<div class=\"elementor-toggle-item\">\n\t\t\t\t\t<div id=\"elementor-tab-title-1832\" class=\"elementor-tab-title\" data-tab=\"2\" role=\"button\" aria-controls=\"elementor-tab-content-1832\" aria-expanded=\"false\">\n\t\t\t\t\t\t\t\t\t\t\t\t<span class=\"elementor-toggle-icon elementor-toggle-icon-left\" aria-hidden=\"true\">\n\t\t\t\t\t\t\t\t\t\t\t\t\t\t\t<span class=\"elementor-toggle-icon-closed\"><i class=\"fas fa-caret-right\"><\/i><\/span>\n\t\t\t\t\t\t\t\t<span class=\"elementor-toggle-icon-opened\"><i class=\"elementor-toggle-icon-opened fas fa-caret-up\"><\/i><\/span>\n\t\t\t\t\t\t\t\t\t\t\t\t\t<\/span>\n\t\t\t\t\t\t\t\t\t\t\t\t<a class=\"elementor-toggle-title\" tabindex=\"0\">Noviembre<\/a>\n\t\t\t\t\t<\/div>\n\n\t\t\t\t\t<div id=\"elementor-tab-content-1832\" class=\"elementor-tab-content elementor-clearfix\" data-tab=\"2\" role=\"region\" aria-labelledby=\"elementor-tab-title-1832\"><div class=\"grid\"><div><img decoding=\"async\" class=\"iconpdf\" src=\"https:\/\/caid.gob.do\/transparencia\/wp-content\/uploads\/iconos-para-web-09.png\" \/><\/div><div>N\u00f3mina de noviembre &#8211; 2023<a href=\"https:\/\/caid.gob.do\/transparencia\/wp-content\/uploads\/RRHH-NOMINAS-CAID-NOVIEMBRE-2023.xlsx\" target=\"_blank\" rel=\"noopener\"><strong>DESCARGAR<\/strong><\/a><\/div><\/div><hr \/><div class=\"grid\"><div><img decoding=\"async\" class=\"iconpdf\" src=\"https:\/\/caid.gob.do\/transparencia\/wp-content\/uploads\/iconos-para-web-08.png\" \/><\/div><div><p>N\u00f3mina fija de noviembre &#8211; 2023<\/p><p><a href=\"https:\/\/caid.gob.do\/transparencia\/wp-content\/uploads\/RRHH-Nomina-Fija-noviembre-2023_0001.pdf\" target=\"_blank\" rel=\"noopener\"><strong>DESCARGAR<\/strong><\/a><\/p><\/div><\/div><hr \/><div class=\"grid\"><div><img decoding=\"async\" class=\"iconpdf\" src=\"https:\/\/caid.gob.do\/transparencia\/wp-content\/uploads\/iconos-para-web-08.png\" \/><\/div><div><p>N\u00f3mina vigilante de noviembre &#8211; 2023<\/p><p><a href=\"https:\/\/caid.gob.do\/transparencia\/wp-content\/uploads\/RRHH-Nomina-Seguridad-noviembre-2023_0001.pdf\" target=\"_blank\" rel=\"noopener\"><strong>DESCARGAR<\/strong><\/a><\/p><\/div><\/div><hr \/><div class=\"grid\"><div><img decoding=\"async\" class=\"iconpdf\" src=\"https:\/\/caid.gob.do\/transparencia\/wp-content\/uploads\/iconos-para-web-08.png\" \/><\/div><div><p>N\u00f3mina eventual de noviembre &#8211; 2023<\/p><p><a href=\"https:\/\/caid.gob.do\/transparencia\/wp-content\/uploads\/RRHH-Nomina-Eventual-Noviembre-2023_0001.pdf\" target=\"_blank\" rel=\"noopener\"><strong>DESCARGAR<\/strong><\/a><\/p><\/div><\/div><hr \/><div class=\"grid\"><div><img decoding=\"async\" class=\"iconpdf\" src=\"https:\/\/caid.gob.do\/transparencia\/wp-content\/uploads\/iconos-para-web-08.png\" \/><\/div><div><p>N\u00f3mina temporal de noviembre &#8211; 2023<\/p><p><a href=\"https:\/\/caid.gob.do\/transparencia\/wp-content\/uploads\/RRHH-Nomina-Temporal-NOV-2023_0001.pdf\" target=\"_blank\" rel=\"noopener\"><strong>DESCARGAR<\/strong><\/a><\/p><\/div><\/div><hr \/><div class=\"grid\"><div><img decoding=\"async\" class=\"iconpdf\" src=\"https:\/\/caid.gob.do\/transparencia\/wp-content\/uploads\/iconos-para-web-08.png\" \/><\/div><div><p>N\u00f3mina pensi\u00f3n de noviembre &#8211; 2023<\/p><p><a href=\"https:\/\/caid.gob.do\/transparencia\/wp-content\/uploads\/RRHH-Nomina-de-Tramite-de-pension-noviembre-2023_0001.pdf\" target=\"_blank\" rel=\"noopener\"><strong>DESCARGAR<\/strong><\/a><\/p><\/div><\/div><\/div>\n\t\t\t\t<\/div>\n\t\t\t\t\t\t\t<div class=\"elementor-toggle-item\">\n\t\t\t\t\t<div id=\"elementor-tab-title-1833\" class=\"elementor-tab-title\" data-tab=\"3\" role=\"button\" aria-controls=\"elementor-tab-content-1833\" aria-expanded=\"false\">\n\t\t\t\t\t\t\t\t\t\t\t\t<span class=\"elementor-toggle-icon elementor-toggle-icon-left\" aria-hidden=\"true\">\n\t\t\t\t\t\t\t\t\t\t\t\t\t\t\t<span class=\"elementor-toggle-icon-closed\"><i class=\"fas fa-caret-right\"><\/i><\/span>\n\t\t\t\t\t\t\t\t<span class=\"elementor-toggle-icon-opened\"><i class=\"elementor-toggle-icon-opened fas fa-caret-up\"><\/i><\/span>\n\t\t\t\t\t\t\t\t\t\t\t\t\t<\/span>\n\t\t\t\t\t\t\t\t\t\t\t\t<a class=\"elementor-toggle-title\" tabindex=\"0\">Octubre <\/a>\n\t\t\t\t\t<\/div>\n\n\t\t\t\t\t<div id=\"elementor-tab-content-1833\" class=\"elementor-tab-content elementor-clearfix\" data-tab=\"3\" role=\"region\" aria-labelledby=\"elementor-tab-title-1833\"><div class=\"grid\"><div><img decoding=\"async\" class=\"iconpdf\" src=\"https:\/\/caid.gob.do\/transparencia\/wp-content\/uploads\/iconos-para-web-09.png\" \/><\/div><div>N\u00f3mina de octubre &#8211; 2023<a href=\"https:\/\/caid.gob.do\/transparencia\/wp-content\/uploads\/RRHH-NOMINAS-CAID-Octubre-2023-OAI.xlsx\" target=\"_blank\" rel=\"noopener\"><strong>DESCARGAR<\/strong><\/a><\/div><\/div><hr \/><div class=\"grid\"><div><img decoding=\"async\" class=\"iconpdf\" src=\"https:\/\/caid.gob.do\/transparencia\/wp-content\/uploads\/iconos-para-web-08.png\" \/><\/div><div><p>N\u00f3mina fija de octubre &#8211; 2023<\/p><p><a href=\"https:\/\/caid.gob.do\/transparencia\/wp-content\/uploads\/RRHH-nomina-FIJA-OCTUBRE-2023.pdf\" target=\"_blank\" rel=\"noopener\"><strong>DESCARGAR<\/strong><\/a><\/p><\/div><\/div><hr \/><div class=\"grid\"><div><img decoding=\"async\" class=\"iconpdf\" src=\"https:\/\/caid.gob.do\/transparencia\/wp-content\/uploads\/iconos-para-web-08.png\" \/><\/div><div><p>N\u00f3mina vigilante de octubre &#8211; 2023<\/p><p><a href=\"https:\/\/caid.gob.do\/transparencia\/wp-content\/uploads\/RRHH-Nomina-Vigilancia-Octubre-2023-OAI.pdf\" target=\"_blank\" rel=\"noopener\"><strong>DESCARGAR<\/strong><\/a><\/p><\/div><\/div><hr \/><div class=\"grid\"><div><img decoding=\"async\" class=\"iconpdf\" src=\"https:\/\/caid.gob.do\/transparencia\/wp-content\/uploads\/iconos-para-web-08.png\" \/><\/div><div><p>N\u00f3mina eventual de octubre &#8211; 2023<\/p><p><a href=\"https:\/\/caid.gob.do\/transparencia\/wp-content\/uploads\/RRHH-Nomina-Personal-Eventual-Octubre-2023-OAI.pdf\" target=\"_blank\" rel=\"noopener\"><strong>DESCARGAR<\/strong><\/a><\/p><\/div><\/div><hr \/><div class=\"grid\"><div><img decoding=\"async\" class=\"iconpdf\" src=\"https:\/\/caid.gob.do\/transparencia\/wp-content\/uploads\/iconos-para-web-08.png\" \/><\/div><div><p>N\u00f3mina temporal de octubre &#8211; 2023<\/p><p><a href=\"https:\/\/caid.gob.do\/transparencia\/wp-content\/uploads\/RRHH-Nomina-Temporal-Octubre-2023-OAI.pdf\" target=\"_blank\" rel=\"noopener\"><strong>DESCARGAR<\/strong><\/a><\/p><\/div><\/div><hr \/><div class=\"grid\"><div><img decoding=\"async\" class=\"iconpdf\" src=\"https:\/\/caid.gob.do\/transparencia\/wp-content\/uploads\/iconos-para-web-08.png\" \/><\/div><div><p>N\u00f3mina pensi\u00f3n de octubre &#8211; 2023<\/p><p><a href=\"https:\/\/caid.gob.do\/transparencia\/wp-content\/uploads\/RRHH-Nomina-Tramite-de-Pension-Octubre-2023-OAI.pdf\" target=\"_blank\" rel=\"noopener\"><strong>DESCARGAR<\/strong><\/a><\/p><\/div><\/div><\/div>\n\t\t\t\t<\/div>\n\t\t\t\t\t\t\t<div class=\"elementor-toggle-item\">\n\t\t\t\t\t<div id=\"elementor-tab-title-1834\" class=\"elementor-tab-title\" data-tab=\"4\" role=\"button\" aria-controls=\"elementor-tab-content-1834\" aria-expanded=\"false\">\n\t\t\t\t\t\t\t\t\t\t\t\t<span class=\"elementor-toggle-icon elementor-toggle-icon-left\" aria-hidden=\"true\">\n\t\t\t\t\t\t\t\t\t\t\t\t\t\t\t<span class=\"elementor-toggle-icon-closed\"><i class=\"fas fa-caret-right\"><\/i><\/span>\n\t\t\t\t\t\t\t\t<span class=\"elementor-toggle-icon-opened\"><i class=\"elementor-toggle-icon-opened fas fa-caret-up\"><\/i><\/span>\n\t\t\t\t\t\t\t\t\t\t\t\t\t<\/span>\n\t\t\t\t\t\t\t\t\t\t\t\t<a class=\"elementor-toggle-title\" tabindex=\"0\">Septiembre<\/a>\n\t\t\t\t\t<\/div>\n\n\t\t\t\t\t<div id=\"elementor-tab-content-1834\" class=\"elementor-tab-content elementor-clearfix\" data-tab=\"4\" role=\"region\" aria-labelledby=\"elementor-tab-title-1834\"><div class=\"grid\"><div><img decoding=\"async\" class=\"iconpdf\" src=\"https:\/\/caid.gob.do\/transparencia\/wp-content\/uploads\/iconos-para-web-09.png\" \/><\/div><div>N\u00f3mina de septiembre &#8211; 2023<a href=\"https:\/\/caid.gob.do\/transparencia\/wp-content\/uploads\/RRHH-NOMINAS-CAID-SEPTIEMBRE-2023-OAI-POR-ACTUALIZAR.xlsx\" target=\"_blank\" rel=\"noopener\"><strong>DESCARGAR<\/strong><\/a><\/div><\/div><hr \/><div class=\"grid\"><div><img decoding=\"async\" class=\"iconpdf\" src=\"https:\/\/caid.gob.do\/transparencia\/wp-content\/uploads\/iconos-para-web-08.png\" \/><\/div><div><p>N\u00f3mina fija de septiembre &#8211; 2023<\/p><p><a href=\"https:\/\/caid.gob.do\/transparencia\/wp-content\/uploads\/RRHH-Nomina-Personal-Fijo-Septiembre-2023.-OAI_0001.pdf\" target=\"_blank\" rel=\"noopener\"><strong>DESCARGAR<\/strong><\/a><\/p><\/div><\/div><hr \/><div class=\"grid\"><div><img decoding=\"async\" class=\"iconpdf\" src=\"https:\/\/caid.gob.do\/transparencia\/wp-content\/uploads\/iconos-para-web-08.png\" \/><\/div><div><p>N\u00f3mina vigilante de septiembre &#8211; 2023<\/p><p><a href=\"https:\/\/caid.gob.do\/transparencia\/wp-content\/uploads\/RRHH-Nomina-Vigilancia-Septiembre-2023.-OAI_0001.pdf\" target=\"_blank\" rel=\"noopener\"><strong>DESCARGAR<\/strong><\/a><\/p><\/div><\/div><hr \/><div class=\"grid\"><div><img decoding=\"async\" class=\"iconpdf\" src=\"https:\/\/caid.gob.do\/transparencia\/wp-content\/uploads\/iconos-para-web-08.png\" \/><\/div><div><p>N\u00f3mina eventual de septiembre &#8211; 2023<\/p><p><a href=\"https:\/\/caid.gob.do\/transparencia\/wp-content\/uploads\/RRHH-Nomina-personal-Eventual-Septiembre-2023.-OAI_0001.pdf\" target=\"_blank\" rel=\"noopener\"><strong>DESCARGAR<\/strong><\/a><\/p><\/div><\/div><hr \/><div class=\"grid\"><div><img decoding=\"async\" class=\"iconpdf\" src=\"https:\/\/caid.gob.do\/transparencia\/wp-content\/uploads\/iconos-para-web-08.png\" \/><\/div><div><p>N\u00f3mina temporal de septiembre &#8211; 2023<\/p><p><a href=\"https:\/\/caid.gob.do\/transparencia\/wp-content\/uploads\/RRHH-Nomina-Temporal-Septimbre-2023.-OAI_0001.pdf\" target=\"_blank\" rel=\"noopener\"><strong>DESCARGAR<\/strong><\/a><\/p><\/div><\/div><hr \/><div class=\"grid\"><div><img decoding=\"async\" class=\"iconpdf\" src=\"https:\/\/caid.gob.do\/transparencia\/wp-content\/uploads\/iconos-para-web-08.png\" \/><\/div><div><p>N\u00f3mina pensi\u00f3n de septiembre &#8211; 2023<\/p><p><a href=\"https:\/\/caid.gob.do\/transparencia\/wp-content\/uploads\/RRHH-Nomina-Tramite-de-Pension-Septiembre-2023.-OAI_0001.pdf\" target=\"_blank\" rel=\"noopener\"><strong>DESCARGAR<\/strong><\/a><\/p><\/div><\/div><\/div>\n\t\t\t\t<\/div>\n\t\t\t\t\t\t\t<div class=\"elementor-toggle-item\">\n\t\t\t\t\t<div id=\"elementor-tab-title-1835\" class=\"elementor-tab-title\" data-tab=\"5\" role=\"button\" aria-controls=\"elementor-tab-content-1835\" aria-expanded=\"false\">\n\t\t\t\t\t\t\t\t\t\t\t\t<span class=\"elementor-toggle-icon elementor-toggle-icon-left\" aria-hidden=\"true\">\n\t\t\t\t\t\t\t\t\t\t\t\t\t\t\t<span class=\"elementor-toggle-icon-closed\"><i class=\"fas fa-caret-right\"><\/i><\/span>\n\t\t\t\t\t\t\t\t<span class=\"elementor-toggle-icon-opened\"><i class=\"elementor-toggle-icon-opened fas fa-caret-up\"><\/i><\/span>\n\t\t\t\t\t\t\t\t\t\t\t\t\t<\/span>\n\t\t\t\t\t\t\t\t\t\t\t\t<a class=\"elementor-toggle-title\" tabindex=\"0\">Agosto<\/a>\n\t\t\t\t\t<\/div>\n\n\t\t\t\t\t<div id=\"elementor-tab-content-1835\" class=\"elementor-tab-content elementor-clearfix\" data-tab=\"5\" role=\"region\" aria-labelledby=\"elementor-tab-title-1835\"><div class=\"grid\"><div><img decoding=\"async\" class=\"iconpdf\" src=\"https:\/\/caid.gob.do\/transparencia\/wp-content\/uploads\/iconos-para-web-09.png\" \/><\/div><div>N\u00f3mina de agosto &#8211; 2023<a href=\"https:\/\/caid.gob.do\/transparencia\/wp-content\/uploads\/NOMINAS-CAID-AGOSTO-2023-OAI.xlsx\" target=\"_blank\" rel=\"noopener\"><strong>DESCARGAR<\/strong><\/a><\/div><\/div><hr \/><div class=\"grid\"><div><img decoding=\"async\" class=\"iconpdf\" src=\"https:\/\/caid.gob.do\/transparencia\/wp-content\/uploads\/iconos-para-web-08.png\" \/><\/div><div><p>N\u00f3mina fija de agosto &#8211; 2023<\/p><p><a href=\"https:\/\/caid.gob.do\/transparencia\/wp-content\/uploads\/Nomina-Personal-Fijo-Agosto-2023_0001.pdf\" target=\"_blank\" rel=\"noopener\"><strong>DESCARGAR<\/strong><\/a><\/p><\/div><\/div><hr \/><div class=\"grid\"><div><img decoding=\"async\" class=\"iconpdf\" src=\"https:\/\/caid.gob.do\/transparencia\/wp-content\/uploads\/iconos-para-web-08.png\" \/><\/div><div><p>N\u00f3mina vigilante de agosto &#8211; 2023<\/p><p><a href=\"https:\/\/caid.gob.do\/transparencia\/wp-content\/uploads\/Nomina-Personal-Vigilancia-Agosto-2023_0001.pdf\" target=\"_blank\" rel=\"noopener\"><strong>DESCARGAR<\/strong><\/a><\/p><\/div><\/div><hr \/><div class=\"grid\"><div><img decoding=\"async\" class=\"iconpdf\" src=\"https:\/\/caid.gob.do\/transparencia\/wp-content\/uploads\/iconos-para-web-08.png\" \/><\/div><div><p>N\u00f3mina eventual de agosto &#8211; 2023<\/p><p><a href=\"https:\/\/caid.gob.do\/transparencia\/wp-content\/uploads\/Nomina-Eventual-Agosto-2023_0001.pdf\" target=\"_blank\" rel=\"noopener\"><strong>DESCARGAR<\/strong><\/a><\/p><\/div><\/div><hr \/><div class=\"grid\"><div><img decoding=\"async\" class=\"iconpdf\" src=\"https:\/\/caid.gob.do\/transparencia\/wp-content\/uploads\/iconos-para-web-08.png\" \/><\/div><div><p>N\u00f3mina temporal de agosto &#8211; 2023<\/p><p><a href=\"https:\/\/caid.gob.do\/transparencia\/wp-content\/uploads\/Nomina-Temporal-agosto-2023_0001.pdf\" target=\"_blank\" rel=\"noopener\"><strong>DESCARGAR<\/strong><\/a><\/p><\/div><\/div><hr \/><div class=\"grid\"><div><img decoding=\"async\" class=\"iconpdf\" src=\"https:\/\/caid.gob.do\/transparencia\/wp-content\/uploads\/iconos-para-web-08.png\" \/><\/div><div><p>N\u00f3mina pensi\u00f3n de agosto &#8211; 2023<\/p><p><a href=\"https:\/\/caid.gob.do\/transparencia\/wp-content\/uploads\/Nomina-Tramite-de-Pensiones-Agosto-2023.-OAI_0001.pdf\" target=\"_blank\" rel=\"noopener\"><strong>DESCARGAR<\/strong><\/a><\/p><\/div><\/div><\/div>\n\t\t\t\t<\/div>\n\t\t\t\t\t\t\t<div class=\"elementor-toggle-item\">\n\t\t\t\t\t<div id=\"elementor-tab-title-1836\" class=\"elementor-tab-title\" data-tab=\"6\" role=\"button\" aria-controls=\"elementor-tab-content-1836\" aria-expanded=\"false\">\n\t\t\t\t\t\t\t\t\t\t\t\t<span class=\"elementor-toggle-icon elementor-toggle-icon-left\" aria-hidden=\"true\">\n\t\t\t\t\t\t\t\t\t\t\t\t\t\t\t<span class=\"elementor-toggle-icon-closed\"><i class=\"fas fa-caret-right\"><\/i><\/span>\n\t\t\t\t\t\t\t\t<span class=\"elementor-toggle-icon-opened\"><i class=\"elementor-toggle-icon-opened fas fa-caret-up\"><\/i><\/span>\n\t\t\t\t\t\t\t\t\t\t\t\t\t<\/span>\n\t\t\t\t\t\t\t\t\t\t\t\t<a class=\"elementor-toggle-title\" tabindex=\"0\">Julio<\/a>\n\t\t\t\t\t<\/div>\n\n\t\t\t\t\t<div id=\"elementor-tab-content-1836\" class=\"elementor-tab-content elementor-clearfix\" data-tab=\"6\" role=\"region\" aria-labelledby=\"elementor-tab-title-1836\"><div class=\"grid\"><div><img decoding=\"async\" class=\"iconpdf\" src=\"https:\/\/caid.gob.do\/transparencia\/wp-content\/uploads\/iconos-para-web-09.png\" \/><\/div><div>N\u00f3mina de julio &#8211; 2023<a href=\"https:\/\/caid.gob.do\/transparencia\/wp-content\/uploads\/NOMINAS-CAID-JULIO.-2023-OAI.-ACTUALIZADA-y.xlsx\" target=\"_blank\" rel=\"noopener\"><strong>DESCARGAR<\/strong><\/a><\/div><\/div><hr \/><div class=\"grid\"><div><img decoding=\"async\" class=\"iconpdf\" src=\"https:\/\/caid.gob.do\/transparencia\/wp-content\/uploads\/iconos-para-web-08.png\" \/><\/div><div><p>N\u00f3mina fija de julio &#8211; 2023<\/p><p><a href=\"https:\/\/caid.gob.do\/transparencia\/wp-content\/uploads\/Nomina-Fijos-Julio-2023_0001.pdf\" target=\"_blank\" rel=\"noopener\"><strong>DESCARGAR<\/strong><\/a><\/p><\/div><\/div><hr \/><div class=\"grid\"><div><img decoding=\"async\" class=\"iconpdf\" src=\"https:\/\/caid.gob.do\/transparencia\/wp-content\/uploads\/iconos-para-web-08.png\" \/><\/div><div><p>N\u00f3mina vigilante de julio &#8211; 2023<\/p><p><a href=\"https:\/\/caid.gob.do\/transparencia\/wp-content\/uploads\/Nomina-Vigilancia-Julio-2023_0001.pdf\" target=\"_blank\" rel=\"noopener\"><strong>DESCARGAR<\/strong><\/a><\/p><\/div><\/div><hr \/><div class=\"grid\"><div><img decoding=\"async\" class=\"iconpdf\" src=\"https:\/\/caid.gob.do\/transparencia\/wp-content\/uploads\/iconos-para-web-08.png\" \/><\/div><div><p>N\u00f3mina eventual de julio &#8211; 2023<\/p><p><a href=\"https:\/\/caid.gob.do\/transparencia\/wp-content\/uploads\/Nomina-Eventual-Julio-2023_0001.pdf\" target=\"_blank\" rel=\"noopener\"><strong>DESCARGAR<\/strong><\/a><\/p><\/div><\/div><hr \/><div class=\"grid\"><div><img decoding=\"async\" class=\"iconpdf\" src=\"https:\/\/caid.gob.do\/transparencia\/wp-content\/uploads\/iconos-para-web-08.png\" \/><\/div><div><p>N\u00f3mina temporal de julio &#8211; 2023<\/p><p><a href=\"https:\/\/caid.gob.do\/transparencia\/wp-content\/uploads\/Nomina-Temporal-Julio-2023_0001.pdf\" target=\"_blank\" rel=\"noopener\"><strong>DESCARGAR<\/strong><\/a><\/p><\/div><\/div><hr \/><div class=\"grid\"><div><img decoding=\"async\" class=\"iconpdf\" src=\"https:\/\/caid.gob.do\/transparencia\/wp-content\/uploads\/iconos-para-web-08.png\" \/><\/div><div><p>N\u00f3mina pensi\u00f3n de julio &#8211; 2023<\/p><p><a href=\"https:\/\/caid.gob.do\/transparencia\/wp-content\/uploads\/Nomina-Pension-Julio-2023_0001.pdf\" target=\"_blank\" rel=\"noopener\"><strong>DESCARGAR<\/strong><\/a><\/p><\/div><\/div><\/div>\n\t\t\t\t<\/div>\n\t\t\t\t\t\t\t<div class=\"elementor-toggle-item\">\n\t\t\t\t\t<div id=\"elementor-tab-title-1837\" class=\"elementor-tab-title\" data-tab=\"7\" role=\"button\" aria-controls=\"elementor-tab-content-1837\" aria-expanded=\"false\">\n\t\t\t\t\t\t\t\t\t\t\t\t<span class=\"elementor-toggle-icon elementor-toggle-icon-left\" aria-hidden=\"true\">\n\t\t\t\t\t\t\t\t\t\t\t\t\t\t\t<span class=\"elementor-toggle-icon-closed\"><i class=\"fas fa-caret-right\"><\/i><\/span>\n\t\t\t\t\t\t\t\t<span class=\"elementor-toggle-icon-opened\"><i class=\"elementor-toggle-icon-opened fas fa-caret-up\"><\/i><\/span>\n\t\t\t\t\t\t\t\t\t\t\t\t\t<\/span>\n\t\t\t\t\t\t\t\t\t\t\t\t<a class=\"elementor-toggle-title\" tabindex=\"0\">Junio<\/a>\n\t\t\t\t\t<\/div>\n\n\t\t\t\t\t<div id=\"elementor-tab-content-1837\" class=\"elementor-tab-content elementor-clearfix\" data-tab=\"7\" role=\"region\" aria-labelledby=\"elementor-tab-title-1837\"><div class=\"grid\"><div><img decoding=\"async\" class=\"iconpdf\" src=\"https:\/\/caid.gob.do\/transparencia\/wp-content\/uploads\/iconos-para-web-09.png\" \/><\/div><div>N\u00f3mina de junio &#8211; 2023<a href=\"https:\/\/caid.gob.do\/transparencia\/wp-content\/uploads\/NOMINAS-CAID-JUNIO.-2023-OAI.-ACTUALIZADA.xlsx\" target=\"_blank\" rel=\"noopener\"><strong>DESCARGAR<\/strong><\/a><\/div><\/div><hr \/><div class=\"grid\"><div><img decoding=\"async\" class=\"iconpdf\" src=\"https:\/\/caid.gob.do\/transparencia\/wp-content\/uploads\/iconos-para-web-08.png\" \/><\/div><div><p>N\u00f3mina fija de junio &#8211; 2023<\/p><p><a href=\"https:\/\/caid.gob.do\/transparencia\/wp-content\/uploads\/Nomina-Personal-Fijos-Junio-2023.-OAI-pdf_0001.pdf\" target=\"_blank\" rel=\"noopener\"><strong>DESCARGAR<\/strong><\/a><\/p><\/div><\/div><hr \/><div class=\"grid\"><div><img decoding=\"async\" class=\"iconpdf\" src=\"https:\/\/caid.gob.do\/transparencia\/wp-content\/uploads\/iconos-para-web-08.png\" \/><\/div><div><p>N\u00f3mina vigilante de junio &#8211; 2023<\/p><p><a href=\"https:\/\/caid.gob.do\/transparencia\/wp-content\/uploads\/Nomina-Personal-Vigilancia-Junio-2023.-OAI-pdf_0001.pdf\" target=\"_blank\" rel=\"noopener\"><strong>DESCARGAR<\/strong><\/a><\/p><\/div><\/div><hr \/><div class=\"grid\"><div><img decoding=\"async\" class=\"iconpdf\" src=\"https:\/\/caid.gob.do\/transparencia\/wp-content\/uploads\/iconos-para-web-08.png\" \/><\/div><div><p>N\u00f3mina eventual de junio &#8211; 2023<\/p><p><a href=\"https:\/\/caid.gob.do\/transparencia\/wp-content\/uploads\/Nomina-Personal-Eventual-Junio-2023.-OAI-pdf_0001.pdf\" target=\"_blank\" rel=\"noopener\"><strong>DESCARGAR<\/strong><\/a><\/p><\/div><\/div><hr \/><div class=\"grid\"><div><img decoding=\"async\" class=\"iconpdf\" src=\"https:\/\/caid.gob.do\/transparencia\/wp-content\/uploads\/iconos-para-web-08.png\" \/><\/div><div><p>N\u00f3mina temporal de junio &#8211; 2023<\/p><p><a href=\"https:\/\/caid.gob.do\/transparencia\/wp-content\/uploads\/Nomina-Empleados-Temporales-Junio-2023.-OAI-pdf_0001.pdf\" target=\"_blank\" rel=\"noopener\"><strong>DESCARGAR<\/strong><\/a><\/p><\/div><\/div><hr \/><div class=\"grid\"><div><img decoding=\"async\" class=\"iconpdf\" src=\"https:\/\/caid.gob.do\/transparencia\/wp-content\/uploads\/iconos-para-web-08.png\" \/><\/div><div><p>N\u00f3mina pensi\u00f3n de junio &#8211; 2023<\/p><p><a href=\"https:\/\/caid.gob.do\/transparencia\/wp-content\/uploads\/Nomina-Personal-Tramite-de-Pension-Junio-2023.-OAI.pdf\" target=\"_blank\" rel=\"noopener\"><strong>DESCARGAR<\/strong><\/a><\/p><\/div><\/div><\/div>\n\t\t\t\t<\/div>\n\t\t\t\t\t\t\t<div class=\"elementor-toggle-item\">\n\t\t\t\t\t<div id=\"elementor-tab-title-1838\" class=\"elementor-tab-title\" data-tab=\"8\" role=\"button\" aria-controls=\"elementor-tab-content-1838\" aria-expanded=\"false\">\n\t\t\t\t\t\t\t\t\t\t\t\t<span class=\"elementor-toggle-icon elementor-toggle-icon-left\" aria-hidden=\"true\">\n\t\t\t\t\t\t\t\t\t\t\t\t\t\t\t<span class=\"elementor-toggle-icon-closed\"><i class=\"fas fa-caret-right\"><\/i><\/span>\n\t\t\t\t\t\t\t\t<span class=\"elementor-toggle-icon-opened\"><i class=\"elementor-toggle-icon-opened fas fa-caret-up\"><\/i><\/span>\n\t\t\t\t\t\t\t\t\t\t\t\t\t<\/span>\n\t\t\t\t\t\t\t\t\t\t\t\t<a class=\"elementor-toggle-title\" tabindex=\"0\">Mayo<\/a>\n\t\t\t\t\t<\/div>\n\n\t\t\t\t\t<div id=\"elementor-tab-content-1838\" class=\"elementor-tab-content elementor-clearfix\" data-tab=\"8\" role=\"region\" aria-labelledby=\"elementor-tab-title-1838\"><div class=\"grid\"><div><img decoding=\"async\" class=\"iconpdf\" src=\"https:\/\/caid.gob.do\/transparencia\/wp-content\/uploads\/iconos-para-web-09.png\" \/><\/div><div>N\u00f3mina de mayo &#8211; 2023<a href=\"https:\/\/caid.gob.do\/transparencia\/wp-content\/uploads\/NOMINAS-CAID-MAYO.-2023-OAI.-ACTUALIZADA.xlsx\" target=\"_blank\" rel=\"noopener\"><strong>DESCARGAR<\/strong><\/a><\/div><\/div><hr \/><div class=\"grid\"><div><img decoding=\"async\" class=\"iconpdf\" src=\"https:\/\/caid.gob.do\/transparencia\/wp-content\/uploads\/iconos-para-web-08.png\" \/><\/div><div><p>N\u00f3mina fija de mayo &#8211; 2023<\/p><p><a href=\"https:\/\/caid.gob.do\/transparencia\/wp-content\/uploads\/Nomina-Fijos-Mayo-2023.pdf\" target=\"_blank\" rel=\"noopener\"><strong>DESCARGAR<\/strong><\/a><\/p><\/div><\/div><hr \/><div class=\"grid\"><div><img decoding=\"async\" class=\"iconpdf\" src=\"https:\/\/caid.gob.do\/transparencia\/wp-content\/uploads\/iconos-para-web-08.png\" \/><\/div><div><p>N\u00f3mina vigilante de mayo &#8211; 2023<\/p><p><a href=\"https:\/\/caid.gob.do\/transparencia\/wp-content\/uploads\/Nomina-Personal-Vigilancia-Mayo-2023.pdf\" target=\"_blank\" rel=\"noopener\"><strong>DESCARGAR<\/strong><\/a><\/p><\/div><\/div><hr \/><div class=\"grid\"><div><img decoding=\"async\" class=\"iconpdf\" src=\"https:\/\/caid.gob.do\/transparencia\/wp-content\/uploads\/iconos-para-web-08.png\" \/><\/div><div><p>N\u00f3mina eventual de mayo &#8211; 2023<\/p><p><a href=\"https:\/\/caid.gob.do\/transparencia\/wp-content\/uploads\/Nomina-Personal-Eventual-Mayo-2023.pdf\" target=\"_blank\" rel=\"noopener\"><strong>DESCARGAR<\/strong><\/a><\/p><\/div><\/div><hr \/><div class=\"grid\"><div><img decoding=\"async\" class=\"iconpdf\" src=\"https:\/\/caid.gob.do\/transparencia\/wp-content\/uploads\/iconos-para-web-08.png\" \/><\/div><div><p>N\u00f3mina temporal de mayo &#8211; 2023<\/p><p><a href=\"https:\/\/caid.gob.do\/transparencia\/wp-content\/uploads\/Nomina-Temporal-Mayo-2023.pdf\" target=\"_blank\" rel=\"noopener\"><strong>DESCARGAR<\/strong><\/a><\/p><\/div><\/div><hr \/><div class=\"grid\"><div><img decoding=\"async\" class=\"iconpdf\" src=\"https:\/\/caid.gob.do\/transparencia\/wp-content\/uploads\/iconos-para-web-08.png\" \/><\/div><div><p>N\u00f3mina pensi\u00f3n de mayo &#8211; 2023<\/p><p><a href=\"https:\/\/caid.gob.do\/transparencia\/wp-content\/uploads\/Nomina-Transmite-de-Pension-Mayo-2023.pdf\" target=\"_blank\" rel=\"noopener\"><strong>DESCARGAR<\/strong><\/a><\/p><\/div><\/div><\/div>\n\t\t\t\t<\/div>\n\t\t\t\t\t\t\t<div class=\"elementor-toggle-item\">\n\t\t\t\t\t<div id=\"elementor-tab-title-1839\" class=\"elementor-tab-title\" data-tab=\"9\" role=\"button\" aria-controls=\"elementor-tab-content-1839\" aria-expanded=\"false\">\n\t\t\t\t\t\t\t\t\t\t\t\t<span class=\"elementor-toggle-icon elementor-toggle-icon-left\" aria-hidden=\"true\">\n\t\t\t\t\t\t\t\t\t\t\t\t\t\t\t<span class=\"elementor-toggle-icon-closed\"><i class=\"fas fa-caret-right\"><\/i><\/span>\n\t\t\t\t\t\t\t\t<span class=\"elementor-toggle-icon-opened\"><i class=\"elementor-toggle-icon-opened fas fa-caret-up\"><\/i><\/span>\n\t\t\t\t\t\t\t\t\t\t\t\t\t<\/span>\n\t\t\t\t\t\t\t\t\t\t\t\t<a class=\"elementor-toggle-title\" tabindex=\"0\">Abril<\/a>\n\t\t\t\t\t<\/div>\n\n\t\t\t\t\t<div id=\"elementor-tab-content-1839\" class=\"elementor-tab-content elementor-clearfix\" data-tab=\"9\" role=\"region\" aria-labelledby=\"elementor-tab-title-1839\"><div class=\"grid\"><div><img decoding=\"async\" class=\"iconpdf\" src=\"https:\/\/caid.gob.do\/transparencia\/wp-content\/uploads\/iconos-para-web-09.png\" \/><\/div><div>N\u00f3mina de abril &#8211; 2023<a href=\"https:\/\/caid.gob.do\/caid\/wp-content\/uploads\/NOMINAS-CAID-ABRIL-2023-OAI.xlsx\" target=\"_blank\" rel=\"noopener\"><strong>DESCARGAR<\/strong><\/a><\/div><\/div><hr \/><div class=\"grid\"><div><img decoding=\"async\" class=\"iconpdf\" src=\"https:\/\/caid.gob.do\/transparencia\/wp-content\/uploads\/iconos-para-web-08.png\" \/><\/div><div><p>N\u00f3mina fija de abril &#8211; 2023<\/p><p><a href=\"https:\/\/caid.gob.do\/caid\/wp-content\/uploads\/Nomina-Fijos-Abril-2023.pdf\" target=\"_blank\" rel=\"noopener\"><strong>DESCARGAR<\/strong><\/a><\/p><\/div><\/div><hr \/><div class=\"grid\"><div><img decoding=\"async\" class=\"iconpdf\" src=\"https:\/\/caid.gob.do\/transparencia\/wp-content\/uploads\/iconos-para-web-08.png\" \/><\/div><div><p>N\u00f3mina vigilante de abril &#8211; 2023<\/p><p><a href=\"https:\/\/caid.gob.do\/caid\/wp-content\/uploads\/Nomina-Vigilante-Abril-2023.pdf\" target=\"_blank\" rel=\"noopener\"><strong>DESCARGAR<\/strong><\/a><\/p><\/div><\/div><hr \/><div class=\"grid\"><div><img decoding=\"async\" class=\"iconpdf\" src=\"https:\/\/caid.gob.do\/transparencia\/wp-content\/uploads\/iconos-para-web-08.png\" \/><\/div><div><p>N\u00f3mina eventual de abril &#8211; 2023<\/p><p><a href=\"https:\/\/caid.gob.do\/caid\/wp-content\/uploads\/Nomina-Eventual-Marzo-2023.-OAI.pdf\" target=\"_blank\" rel=\"noopener\"><strong>DESCARGAR<\/strong><\/a><\/p><\/div><\/div><hr \/><div class=\"grid\"><div><img decoding=\"async\" class=\"iconpdf\" src=\"https:\/\/caid.gob.do\/transparencia\/wp-content\/uploads\/iconos-para-web-08.png\" \/><\/div><div><p>N\u00f3mina temporal de abril &#8211; 2023<\/p><p><a href=\"https:\/\/caid.gob.do\/caid\/wp-content\/uploads\/Nomina-Temporal-Abril-2023.pdf\" target=\"_blank\" rel=\"noopener\"><strong>DESCARGAR<\/strong><\/a><\/p><\/div><\/div><hr \/><div class=\"grid\"><div><img decoding=\"async\" class=\"iconpdf\" src=\"https:\/\/caid.gob.do\/transparencia\/wp-content\/uploads\/iconos-para-web-08.png\" \/><\/div><div><p>N\u00f3mina pensi\u00f3n de abril &#8211; 2023<\/p><p><a href=\"https:\/\/caid.gob.do\/caid\/wp-content\/uploads\/Nomina-Tramite-de-Pension-Abril-2023.pdf\" target=\"_blank\" rel=\"noopener\"><strong>DESCARGAR<\/strong><\/a><\/p><\/div><\/div><\/div>\n\t\t\t\t<\/div>\n\t\t\t\t\t\t\t<div class=\"elementor-toggle-item\">\n\t\t\t\t\t<div id=\"elementor-tab-title-18310\" class=\"elementor-tab-title\" data-tab=\"10\" role=\"button\" aria-controls=\"elementor-tab-content-18310\" aria-expanded=\"false\">\n\t\t\t\t\t\t\t\t\t\t\t\t<span class=\"elementor-toggle-icon elementor-toggle-icon-left\" aria-hidden=\"true\">\n\t\t\t\t\t\t\t\t\t\t\t\t\t\t\t<span class=\"elementor-toggle-icon-closed\"><i class=\"fas fa-caret-right\"><\/i><\/span>\n\t\t\t\t\t\t\t\t<span class=\"elementor-toggle-icon-opened\"><i class=\"elementor-toggle-icon-opened fas fa-caret-up\"><\/i><\/span>\n\t\t\t\t\t\t\t\t\t\t\t\t\t<\/span>\n\t\t\t\t\t\t\t\t\t\t\t\t<a class=\"elementor-toggle-title\" tabindex=\"0\">Marzo<\/a>\n\t\t\t\t\t<\/div>\n\n\t\t\t\t\t<div id=\"elementor-tab-content-18310\" class=\"elementor-tab-content elementor-clearfix\" data-tab=\"10\" role=\"region\" aria-labelledby=\"elementor-tab-title-18310\"><div class=\"grid\">\n<div><img decoding=\"async\" class=\"iconpdf\" src=\"https:\/\/caid.gob.do\/transparencia\/wp-content\/uploads\/iconos-para-web-09.png\" \/><\/div>\n<div>N\u00f3mina de marzo &#8211; 2023\n<a href=\"https:\/\/caid.gob.do\/caid\/wp-content\/uploads\/NOMINAS-CAID-MARZO.-2023-OAI-MAA.xlsx\" target=\"_blank\" rel=\"noopener\"><strong>DESCARGAR<\/strong><\/a><\/div>\n<\/div>\n\n<hr \/>\n\n<div class=\"grid\">\n<div><img decoding=\"async\" class=\"iconpdf\" src=\"https:\/\/caid.gob.do\/transparencia\/wp-content\/uploads\/iconos-para-web-08.png\" \/><\/div>\n<div>\n\nN\u00f3mina fija de marzo &#8211; 2023\n\n<a href=\"https:\/\/caid.gob.do\/caid\/wp-content\/uploads\/Nomina-Fijos-Marzo-2023.-OAI.pdf\" target=\"_blank\" rel=\"noopener\"><strong>DESCARGAR<\/strong><\/a>\n\n<\/div>\n<\/div>\n\n<hr \/>\n\n<div class=\"grid\">\n<div><img decoding=\"async\" class=\"iconpdf\" src=\"https:\/\/caid.gob.do\/transparencia\/wp-content\/uploads\/iconos-para-web-08.png\" \/><\/div>\n<div>\n\nN\u00f3mina vigilante de marzo &#8211; 2023\n\n<a href=\"https:\/\/caid.gob.do\/caid\/wp-content\/uploads\/Nomina-Vigilancia-Marzo-2023.-OAI.pdf\" target=\"_blank\" rel=\"noopener\"><strong>DESCARGAR<\/strong><\/a>\n\n<\/div>\n<\/div>\n\n<hr \/>\n\n<div class=\"grid\">\n<div><img decoding=\"async\" class=\"iconpdf\" src=\"https:\/\/caid.gob.do\/transparencia\/wp-content\/uploads\/iconos-para-web-08.png\" \/><\/div>\n<div>\n\nN\u00f3mina eventual de marzo &#8211; 2023\n\n<a href=\"https:\/\/caid.gob.do\/caid\/wp-content\/uploads\/Nomina-Eventual-Marzo-2023.-OAI.pdf\" target=\"_blank\" rel=\"noopener\"><strong>DESCARGAR<\/strong><\/a>\n\n<\/div>\n<\/div>\n\n<hr \/>\n\n<div class=\"grid\">\n<div><img decoding=\"async\" class=\"iconpdf\" src=\"https:\/\/caid.gob.do\/transparencia\/wp-content\/uploads\/iconos-para-web-08.png\" \/><\/div>\n<div>\n\nN\u00f3mina temporal de marzo &#8211; 2023\n\n<a href=\"https:\/\/caid.gob.do\/caid\/wp-content\/uploads\/Nomina-Temporal-Marzo-2023.-OAI.pdf\" target=\"_blank\" rel=\"noopener\"><strong>DESCARGAR<\/strong><\/a>\n\n<\/div>\n<\/div>\n\n<hr \/>\n\n<div class=\"grid\">\n<div><img decoding=\"async\" class=\"iconpdf\" src=\"https:\/\/caid.gob.do\/transparencia\/wp-content\/uploads\/iconos-para-web-08.png\" \/><\/div>\n<div>\n\nN\u00f3mina pensi\u00f3n de marzo &#8211; 2023\n\n<a href=\"https:\/\/caid.gob.do\/caid\/wp-content\/uploads\/Nomina-tramite-de-Pension-Marzo-2023.-OAI.pdf\" target=\"_blank\" rel=\"noopener\"><strong>DESCARGAR<\/strong><\/a>\n\n<\/div>\n<\/div><\/div>\n\t\t\t\t<\/div>\n\t\t\t\t\t\t\t<div class=\"elementor-toggle-item\">\n\t\t\t\t\t<div id=\"elementor-tab-title-18311\" class=\"elementor-tab-title\" data-tab=\"11\" role=\"button\" aria-controls=\"elementor-tab-content-18311\" aria-expanded=\"false\">\n\t\t\t\t\t\t\t\t\t\t\t\t<span class=\"elementor-toggle-icon elementor-toggle-icon-left\" aria-hidden=\"true\">\n\t\t\t\t\t\t\t\t\t\t\t\t\t\t\t<span class=\"elementor-toggle-icon-closed\"><i class=\"fas fa-caret-right\"><\/i><\/span>\n\t\t\t\t\t\t\t\t<span class=\"elementor-toggle-icon-opened\"><i class=\"elementor-toggle-icon-opened fas fa-caret-up\"><\/i><\/span>\n\t\t\t\t\t\t\t\t\t\t\t\t\t<\/span>\n\t\t\t\t\t\t\t\t\t\t\t\t<a class=\"elementor-toggle-title\" tabindex=\"0\">Febrero <\/a>\n\t\t\t\t\t<\/div>\n\n\t\t\t\t\t<div id=\"elementor-tab-content-18311\" class=\"elementor-tab-content elementor-clearfix\" data-tab=\"11\" role=\"region\" aria-labelledby=\"elementor-tab-title-18311\"><div class=\"grid\">\n<div><img decoding=\"async\" class=\"iconpdf\" src=\"https:\/\/caid.gob.do\/transparencia\/wp-content\/uploads\/iconos-para-web-09.png\" \/><\/div>\n<div>N\u00f3mina de febrero- 2023\n<a href=\"https:\/\/caid.gob.do\/caid\/wp-content\/uploads\/NOMINAS-CAID-FEBRERO.-2023-OAI.xlsx\" target=\"_blank\" rel=\"noopener\"><strong>DESCARGAR<\/strong><\/a><\/div>\n<\/div>\n\n<hr \/>\n\n<div class=\"grid\">\n<div><img decoding=\"async\" class=\"iconpdf\" src=\"https:\/\/caid.gob.do\/transparencia\/wp-content\/uploads\/iconos-para-web-08.png\" \/><\/div>\n<div>\n\nN\u00f3mina fija de febrero- 2023\n\n<a href=\"https:\/\/caid.gob.do\/caid\/wp-content\/uploads\/Nomina-Fijo-Febrero-2023-OAI.pdf\" target=\"_blank\" rel=\"noopener\"><strong>DESCARGAR<\/strong><\/a>\n\n<\/div>\n<\/div>\n\n<hr \/>\n\n<div class=\"grid\">\n<div><img decoding=\"async\" class=\"iconpdf\" src=\"https:\/\/caid.gob.do\/transparencia\/wp-content\/uploads\/iconos-para-web-08.png\" \/><\/div>\n<div>\n\nN\u00f3mina vigilante de febrero- 2023\n\n<a href=\"https:\/\/caid.gob.do\/caid\/wp-content\/uploads\/Nomina-Vigilancia-Febrero-2023.-OAI.pdf\" target=\"_blank\" rel=\"noopener\"><strong>DESCARGAR<\/strong><\/a>\n\n<\/div>\n<\/div>\n\n<hr \/>\n\n<div class=\"grid\">\n<div><img decoding=\"async\" class=\"iconpdf\" src=\"https:\/\/caid.gob.do\/transparencia\/wp-content\/uploads\/iconos-para-web-08.png\" \/><\/div>\n<div>\n\nN\u00f3mina eventual de febrero- 2023\n\n<a href=\"https:\/\/caid.gob.do\/caid\/wp-content\/uploads\/Nomina-Eventual-Febrero-2023.-OAI.pdf\" target=\"_blank\" rel=\"noopener\"><strong>DESCARGAR<\/strong><\/a>\n\n<\/div>\n<\/div>\n\n<hr \/>\n\n<div class=\"grid\">\n<div><img decoding=\"async\" class=\"iconpdf\" src=\"https:\/\/caid.gob.do\/transparencia\/wp-content\/uploads\/iconos-para-web-08.png\" \/><\/div>\n<div>\n\nN\u00f3mina temporal de febrero- 2023\n\n<a href=\"https:\/\/caid.gob.do\/caid\/wp-content\/uploads\/Nomina-Temporal-Febrero-2023.-OAI.pdf\" target=\"_blank\" rel=\"noopener\"><strong>DESCARGAR<\/strong><\/a>\n\n<\/div>\n<\/div>\n\n<hr \/>\n\n<div class=\"grid\">\n<div><img decoding=\"async\" class=\"iconpdf\" src=\"https:\/\/caid.gob.do\/transparencia\/wp-content\/uploads\/iconos-para-web-08.png\" \/><\/div>\n<div>\n\nN\u00f3mina pensi\u00f3n de febrero- 2023\n\n<a href=\"https:\/\/caid.gob.do\/caid\/wp-content\/uploads\/Nomina-Pension-Febrero-2023.-OAI.pdf\" target=\"_blank\" rel=\"noopener\"><strong>DESCARGAR<\/strong><\/a>\n\n<\/div>\n<\/div><\/div>\n\t\t\t\t<\/div>\n\t\t\t\t\t\t\t<div class=\"elementor-toggle-item\">\n\t\t\t\t\t<div id=\"elementor-tab-title-18312\" class=\"elementor-tab-title\" data-tab=\"12\" role=\"button\" aria-controls=\"elementor-tab-content-18312\" aria-expanded=\"false\">\n\t\t\t\t\t\t\t\t\t\t\t\t<span class=\"elementor-toggle-icon elementor-toggle-icon-left\" aria-hidden=\"true\">\n\t\t\t\t\t\t\t\t\t\t\t\t\t\t\t<span class=\"elementor-toggle-icon-closed\"><i class=\"fas fa-caret-right\"><\/i><\/span>\n\t\t\t\t\t\t\t\t<span class=\"elementor-toggle-icon-opened\"><i class=\"elementor-toggle-icon-opened fas fa-caret-up\"><\/i><\/span>\n\t\t\t\t\t\t\t\t\t\t\t\t\t<\/span>\n\t\t\t\t\t\t\t\t\t\t\t\t<a class=\"elementor-toggle-title\" tabindex=\"0\">Enero<\/a>\n\t\t\t\t\t<\/div>\n\n\t\t\t\t\t<div id=\"elementor-tab-content-18312\" class=\"elementor-tab-content elementor-clearfix\" data-tab=\"12\" role=\"region\" aria-labelledby=\"elementor-tab-title-18312\"><div class=\"grid\">\n<div><img decoding=\"async\" class=\"iconpdf\" src=\"https:\/\/caid.gob.do\/transparencia\/wp-content\/uploads\/iconos-para-web-09.png\" \/><\/div>\n<div>N\u00f3mina de Enero- 2023\n<a href=\"https:\/\/caid.gob.do\/caid\/wp-content\/uploads\/NOMINAS-CAID-ENERO.-2023-OAI.xlsx\" target=\"_blank\" rel=\"noopener\"><strong>DESCARGAR<\/strong><\/a><\/div>\n<\/div>\n\n<hr \/>\n\n<div class=\"grid\">\n<div><img decoding=\"async\" class=\"iconpdf\" src=\"https:\/\/caid.gob.do\/transparencia\/wp-content\/uploads\/iconos-para-web-08.png\" \/><\/div>\n<div>\n\nN\u00f3mina fija de enero &#8211; 2023\n\n<a href=\"https:\/\/caid.gob.do\/caid\/wp-content\/uploads\/nomina-fijos-enero-2023.pdf\" target=\"_blank\" rel=\"noopener\"><strong>DESCARGAR<\/strong><\/a>\n\n<\/div>\n<\/div>\n\n<hr \/>\n\n<div class=\"grid\">\n<div><img decoding=\"async\" class=\"iconpdf\" src=\"https:\/\/caid.gob.do\/transparencia\/wp-content\/uploads\/iconos-para-web-08.png\" \/><\/div>\n<div>\n\nN\u00f3mina vigilante de enero &#8211; 2023\n\n<a href=\"https:\/\/caid.gob.do\/caid\/wp-content\/uploads\/nomina-vigilante-enero-2023.pdf\" target=\"_blank\" rel=\"noopener\"><strong>DESCARGAR<\/strong><\/a>\n\n<\/div>\n<\/div>\n\n<hr \/>\n\n<div class=\"grid\">\n<div><img decoding=\"async\" class=\"iconpdf\" src=\"https:\/\/caid.gob.do\/transparencia\/wp-content\/uploads\/iconos-para-web-08.png\" \/><\/div>\n<div>\n\nN\u00f3mina eventual de enero &#8211; 2023\n\n<a href=\"https:\/\/caid.gob.do\/caid\/wp-content\/uploads\/nomina-eventual-enero-2023.pdf\" target=\"_blank\" rel=\"noopener\"><strong>DESCARGAR<\/strong><\/a>\n\n<\/div>\n<\/div>\n\n<hr \/>\n\n<div class=\"grid\">\n<div><img decoding=\"async\" class=\"iconpdf\" src=\"https:\/\/caid.gob.do\/transparencia\/wp-content\/uploads\/iconos-para-web-08.png\" \/><\/div>\n<div>\n\nN\u00f3mina temporal de enero &#8211; 2023\n\n<a href=\"https:\/\/caid.gob.do\/caid\/wp-content\/uploads\/nomina-temporal-enero-2023.pdf\" target=\"_blank\" rel=\"noopener\"><strong>DESCARGAR<\/strong><\/a>\n\n<\/div>\n<\/div>\n\n<hr \/>\n\n<div class=\"grid\">\n<div><img decoding=\"async\" class=\"iconpdf\" src=\"https:\/\/caid.gob.do\/transparencia\/wp-content\/uploads\/iconos-para-web-08.png\" \/><\/div>\n<div>\n\nN\u00f3mina pension de enero &#8211; 2023\n\n<a href=\"https:\/\/caid.gob.do\/caid\/wp-content\/uploads\/nomina-tramite-pension-enero-2023.pdf\" target=\"_blank\" rel=\"noopener\"><strong>DESCARGAR<\/strong><\/a>\n\n<\/div>\n<\/div><\/div>\n\t\t\t\t<\/div>\n\t\t\t\t\t\t\t\t\t\t<script type=\"application\/ld+json\">{\"@context\":\"https:\\\/\\\/schema.org\",\"@type\":\"FAQPage\",\"mainEntity\":[{\"@type\":\"Question\",\"name\":\"Diciembre\",\"acceptedAnswer\":{\"@type\":\"Answer\",\"text\":\"<div class=\\\"grid\\\"><div><img class=\\\"iconpdf\\\" src=\\\"https:\\\/\\\/caid.gob.do\\\/transparencia\\\/wp-content\\\/uploads\\\/iconos-para-web-09.png\\\" \\\/><\\\/div><div>N\\u00f3mina de diciembre &#8211; 2023<strong>DESCARGAR<\\\/strong><\\\/div><\\\/div><hr \\\/><div class=\\\"grid\\\"><div><img class=\\\"iconpdf\\\" src=\\\"https:\\\/\\\/caid.gob.do\\\/transparencia\\\/wp-content\\\/uploads\\\/iconos-para-web-08.png\\\" \\\/><\\\/div><div><p>N\\u00f3mina fija de diciembre &#8211; 2023<\\\/p><p><a href=\\\"https:\\\/\\\/caid.gob.do\\\/transparencia\\\/wp-content\\\/uploads\\\/Nomina-Personal-Fijo-Diciembre-2023_0001.pdf\\\" target=\\\"_blank\\\" rel=\\\"noopener\\\"><strong>DESCARGAR<\\\/strong><\\\/a><\\\/p><\\\/div><\\\/div><hr \\\/><div class=\\\"grid\\\"><div><img class=\\\"iconpdf\\\" src=\\\"https:\\\/\\\/caid.gob.do\\\/transparencia\\\/wp-content\\\/uploads\\\/iconos-para-web-08.png\\\" \\\/><\\\/div><div><p>N\\u00f3mina vigilante de diciembre &#8211; 2023<\\\/p><p><a href=\\\"https:\\\/\\\/caid.gob.do\\\/transparencia\\\/wp-content\\\/uploads\\\/Nomina-Vigilancia-Diciembre-2023_0001.pdf\\\" target=\\\"_blank\\\" rel=\\\"noopener\\\"><strong>DESCARGAR<\\\/strong><\\\/a><\\\/p><\\\/div><\\\/div><hr \\\/><div class=\\\"grid\\\"><div><img class=\\\"iconpdf\\\" src=\\\"https:\\\/\\\/caid.gob.do\\\/transparencia\\\/wp-content\\\/uploads\\\/iconos-para-web-08.png\\\" \\\/><\\\/div><div><p>N\\u00f3mina eventual de diciembre &#8211; 2023<\\\/p><p><strong>DESCARGAR<\\\/strong><\\\/p><\\\/div><\\\/div><hr \\\/><div class=\\\"grid\\\"><div><img class=\\\"iconpdf\\\" src=\\\"https:\\\/\\\/caid.gob.do\\\/transparencia\\\/wp-content\\\/uploads\\\/iconos-para-web-08.png\\\" \\\/><\\\/div><div><p>N\\u00f3mina temporal de diciembre &#8211; 2023<\\\/p><p><a href=\\\"https:\\\/\\\/caid.gob.do\\\/transparencia\\\/wp-content\\\/uploads\\\/Nomina-empleados-Temporales-Diciembre-2023_0001.pdf\\\" target=\\\"_blank\\\" rel=\\\"noopener\\\"><strong>DESCARGAR<\\\/strong><\\\/a><\\\/p><\\\/div><\\\/div><hr \\\/><div class=\\\"grid\\\"><div><img class=\\\"iconpdf\\\" src=\\\"https:\\\/\\\/caid.gob.do\\\/transparencia\\\/wp-content\\\/uploads\\\/iconos-para-web-08.png\\\" \\\/><\\\/div><div><p>N\\u00f3mina pensi\\u00f3n de diciembre &#8211; 2023<\\\/p><p><a href=\\\"https:\\\/\\\/caid.gob.do\\\/transparencia\\\/wp-content\\\/uploads\\\/Nomina-Tramite-Pension-Diciembre-2023_0001.pdf\\\" target=\\\"_blank\\\" rel=\\\"noopener\\\"><strong>DESCARGAR<\\\/strong><\\\/a><\\\/p><\\\/div><\\\/div>\"}},{\"@type\":\"Question\",\"name\":\"Noviembre\",\"acceptedAnswer\":{\"@type\":\"Answer\",\"text\":\"<div class=\\\"grid\\\"><div><img class=\\\"iconpdf\\\" src=\\\"https:\\\/\\\/caid.gob.do\\\/transparencia\\\/wp-content\\\/uploads\\\/iconos-para-web-09.png\\\" \\\/><\\\/div><div>N\\u00f3mina de noviembre &#8211; 2023<a href=\\\"https:\\\/\\\/caid.gob.do\\\/transparencia\\\/wp-content\\\/uploads\\\/RRHH-NOMINAS-CAID-NOVIEMBRE-2023.xlsx\\\" target=\\\"_blank\\\" rel=\\\"noopener\\\"><strong>DESCARGAR<\\\/strong><\\\/a><\\\/div><\\\/div><hr \\\/><div class=\\\"grid\\\"><div><img class=\\\"iconpdf\\\" src=\\\"https:\\\/\\\/caid.gob.do\\\/transparencia\\\/wp-content\\\/uploads\\\/iconos-para-web-08.png\\\" \\\/><\\\/div><div><p>N\\u00f3mina fija de noviembre &#8211; 2023<\\\/p><p><a href=\\\"https:\\\/\\\/caid.gob.do\\\/transparencia\\\/wp-content\\\/uploads\\\/RRHH-Nomina-Fija-noviembre-2023_0001.pdf\\\" target=\\\"_blank\\\" rel=\\\"noopener\\\"><strong>DESCARGAR<\\\/strong><\\\/a><\\\/p><\\\/div><\\\/div><hr \\\/><div class=\\\"grid\\\"><div><img class=\\\"iconpdf\\\" src=\\\"https:\\\/\\\/caid.gob.do\\\/transparencia\\\/wp-content\\\/uploads\\\/iconos-para-web-08.png\\\" \\\/><\\\/div><div><p>N\\u00f3mina vigilante de noviembre &#8211; 2023<\\\/p><p><a href=\\\"https:\\\/\\\/caid.gob.do\\\/transparencia\\\/wp-content\\\/uploads\\\/RRHH-Nomina-Seguridad-noviembre-2023_0001.pdf\\\" target=\\\"_blank\\\" rel=\\\"noopener\\\"><strong>DESCARGAR<\\\/strong><\\\/a><\\\/p><\\\/div><\\\/div><hr \\\/><div class=\\\"grid\\\"><div><img class=\\\"iconpdf\\\" src=\\\"https:\\\/\\\/caid.gob.do\\\/transparencia\\\/wp-content\\\/uploads\\\/iconos-para-web-08.png\\\" \\\/><\\\/div><div><p>N\\u00f3mina eventual de noviembre &#8211; 2023<\\\/p><p><a href=\\\"https:\\\/\\\/caid.gob.do\\\/transparencia\\\/wp-content\\\/uploads\\\/RRHH-Nomina-Eventual-Noviembre-2023_0001.pdf\\\" target=\\\"_blank\\\" rel=\\\"noopener\\\"><strong>DESCARGAR<\\\/strong><\\\/a><\\\/p><\\\/div><\\\/div><hr \\\/><div class=\\\"grid\\\"><div><img class=\\\"iconpdf\\\" src=\\\"https:\\\/\\\/caid.gob.do\\\/transparencia\\\/wp-content\\\/uploads\\\/iconos-para-web-08.png\\\" \\\/><\\\/div><div><p>N\\u00f3mina temporal de noviembre &#8211; 2023<\\\/p><p><a href=\\\"https:\\\/\\\/caid.gob.do\\\/transparencia\\\/wp-content\\\/uploads\\\/RRHH-Nomina-Temporal-NOV-2023_0001.pdf\\\" target=\\\"_blank\\\" rel=\\\"noopener\\\"><strong>DESCARGAR<\\\/strong><\\\/a><\\\/p><\\\/div><\\\/div><hr \\\/><div class=\\\"grid\\\"><div><img class=\\\"iconpdf\\\" src=\\\"https:\\\/\\\/caid.gob.do\\\/transparencia\\\/wp-content\\\/uploads\\\/iconos-para-web-08.png\\\" \\\/><\\\/div><div><p>N\\u00f3mina pensi\\u00f3n de noviembre &#8211; 2023<\\\/p><p><a href=\\\"https:\\\/\\\/caid.gob.do\\\/transparencia\\\/wp-content\\\/uploads\\\/RRHH-Nomina-de-Tramite-de-pension-noviembre-2023_0001.pdf\\\" target=\\\"_blank\\\" rel=\\\"noopener\\\"><strong>DESCARGAR<\\\/strong><\\\/a><\\\/p><\\\/div><\\\/div>\"}},{\"@type\":\"Question\",\"name\":\"Octubre\",\"acceptedAnswer\":{\"@type\":\"Answer\",\"text\":\"<div class=\\\"grid\\\"><div><img class=\\\"iconpdf\\\" src=\\\"https:\\\/\\\/caid.gob.do\\\/transparencia\\\/wp-content\\\/uploads\\\/iconos-para-web-09.png\\\" \\\/><\\\/div><div>N\\u00f3mina de octubre &#8211; 2023<a href=\\\"https:\\\/\\\/caid.gob.do\\\/transparencia\\\/wp-content\\\/uploads\\\/RRHH-NOMINAS-CAID-Octubre-2023-OAI.xlsx\\\" target=\\\"_blank\\\" rel=\\\"noopener\\\"><strong>DESCARGAR<\\\/strong><\\\/a><\\\/div><\\\/div><hr \\\/><div class=\\\"grid\\\"><div><img class=\\\"iconpdf\\\" src=\\\"https:\\\/\\\/caid.gob.do\\\/transparencia\\\/wp-content\\\/uploads\\\/iconos-para-web-08.png\\\" \\\/><\\\/div><div><p>N\\u00f3mina fija de octubre &#8211; 2023<\\\/p><p><a href=\\\"https:\\\/\\\/caid.gob.do\\\/transparencia\\\/wp-content\\\/uploads\\\/RRHH-nomina-FIJA-OCTUBRE-2023.pdf\\\" target=\\\"_blank\\\" rel=\\\"noopener\\\"><strong>DESCARGAR<\\\/strong><\\\/a><\\\/p><\\\/div><\\\/div><hr \\\/><div class=\\\"grid\\\"><div><img class=\\\"iconpdf\\\" src=\\\"https:\\\/\\\/caid.gob.do\\\/transparencia\\\/wp-content\\\/uploads\\\/iconos-para-web-08.png\\\" \\\/><\\\/div><div><p>N\\u00f3mina vigilante de octubre &#8211; 2023<\\\/p><p><a href=\\\"https:\\\/\\\/caid.gob.do\\\/transparencia\\\/wp-content\\\/uploads\\\/RRHH-Nomina-Vigilancia-Octubre-2023-OAI.pdf\\\" target=\\\"_blank\\\" rel=\\\"noopener\\\"><strong>DESCARGAR<\\\/strong><\\\/a><\\\/p><\\\/div><\\\/div><hr \\\/><div class=\\\"grid\\\"><div><img class=\\\"iconpdf\\\" src=\\\"https:\\\/\\\/caid.gob.do\\\/transparencia\\\/wp-content\\\/uploads\\\/iconos-para-web-08.png\\\" \\\/><\\\/div><div><p>N\\u00f3mina eventual de octubre &#8211; 2023<\\\/p><p><a href=\\\"https:\\\/\\\/caid.gob.do\\\/transparencia\\\/wp-content\\\/uploads\\\/RRHH-Nomina-Personal-Eventual-Octubre-2023-OAI.pdf\\\" target=\\\"_blank\\\" rel=\\\"noopener\\\"><strong>DESCARGAR<\\\/strong><\\\/a><\\\/p><\\\/div><\\\/div><hr \\\/><div class=\\\"grid\\\"><div><img class=\\\"iconpdf\\\" src=\\\"https:\\\/\\\/caid.gob.do\\\/transparencia\\\/wp-content\\\/uploads\\\/iconos-para-web-08.png\\\" \\\/><\\\/div><div><p>N\\u00f3mina temporal de octubre &#8211; 2023<\\\/p><p><a href=\\\"https:\\\/\\\/caid.gob.do\\\/transparencia\\\/wp-content\\\/uploads\\\/RRHH-Nomina-Temporal-Octubre-2023-OAI.pdf\\\" target=\\\"_blank\\\" rel=\\\"noopener\\\"><strong>DESCARGAR<\\\/strong><\\\/a><\\\/p><\\\/div><\\\/div><hr \\\/><div class=\\\"grid\\\"><div><img class=\\\"iconpdf\\\" src=\\\"https:\\\/\\\/caid.gob.do\\\/transparencia\\\/wp-content\\\/uploads\\\/iconos-para-web-08.png\\\" \\\/><\\\/div><div><p>N\\u00f3mina pensi\\u00f3n de octubre &#8211; 2023<\\\/p><p><a href=\\\"https:\\\/\\\/caid.gob.do\\\/transparencia\\\/wp-content\\\/uploads\\\/RRHH-Nomina-Tramite-de-Pension-Octubre-2023-OAI.pdf\\\" target=\\\"_blank\\\" rel=\\\"noopener\\\"><strong>DESCARGAR<\\\/strong><\\\/a><\\\/p><\\\/div><\\\/div>\"}},{\"@type\":\"Question\",\"name\":\"Septiembre\",\"acceptedAnswer\":{\"@type\":\"Answer\",\"text\":\"<div class=\\\"grid\\\"><div><img class=\\\"iconpdf\\\" src=\\\"https:\\\/\\\/caid.gob.do\\\/transparencia\\\/wp-content\\\/uploads\\\/iconos-para-web-09.png\\\" \\\/><\\\/div><div>N\\u00f3mina de septiembre &#8211; 2023<a href=\\\"https:\\\/\\\/caid.gob.do\\\/transparencia\\\/wp-content\\\/uploads\\\/RRHH-NOMINAS-CAID-SEPTIEMBRE-2023-OAI-POR-ACTUALIZAR.xlsx\\\" target=\\\"_blank\\\" rel=\\\"noopener\\\"><strong>DESCARGAR<\\\/strong><\\\/a><\\\/div><\\\/div><hr \\\/><div class=\\\"grid\\\"><div><img class=\\\"iconpdf\\\" src=\\\"https:\\\/\\\/caid.gob.do\\\/transparencia\\\/wp-content\\\/uploads\\\/iconos-para-web-08.png\\\" \\\/><\\\/div><div><p>N\\u00f3mina fija de septiembre &#8211; 2023<\\\/p><p><a href=\\\"https:\\\/\\\/caid.gob.do\\\/transparencia\\\/wp-content\\\/uploads\\\/RRHH-Nomina-Personal-Fijo-Septiembre-2023.-OAI_0001.pdf\\\" target=\\\"_blank\\\" rel=\\\"noopener\\\"><strong>DESCARGAR<\\\/strong><\\\/a><\\\/p><\\\/div><\\\/div><hr \\\/><div class=\\\"grid\\\"><div><img class=\\\"iconpdf\\\" src=\\\"https:\\\/\\\/caid.gob.do\\\/transparencia\\\/wp-content\\\/uploads\\\/iconos-para-web-08.png\\\" \\\/><\\\/div><div><p>N\\u00f3mina vigilante de septiembre &#8211; 2023<\\\/p><p><a href=\\\"https:\\\/\\\/caid.gob.do\\\/transparencia\\\/wp-content\\\/uploads\\\/RRHH-Nomina-Vigilancia-Septiembre-2023.-OAI_0001.pdf\\\" target=\\\"_blank\\\" rel=\\\"noopener\\\"><strong>DESCARGAR<\\\/strong><\\\/a><\\\/p><\\\/div><\\\/div><hr \\\/><div class=\\\"grid\\\"><div><img class=\\\"iconpdf\\\" src=\\\"https:\\\/\\\/caid.gob.do\\\/transparencia\\\/wp-content\\\/uploads\\\/iconos-para-web-08.png\\\" \\\/><\\\/div><div><p>N\\u00f3mina eventual de septiembre &#8211; 2023<\\\/p><p><a href=\\\"https:\\\/\\\/caid.gob.do\\\/transparencia\\\/wp-content\\\/uploads\\\/RRHH-Nomina-personal-Eventual-Septiembre-2023.-OAI_0001.pdf\\\" target=\\\"_blank\\\" rel=\\\"noopener\\\"><strong>DESCARGAR<\\\/strong><\\\/a><\\\/p><\\\/div><\\\/div><hr \\\/><div class=\\\"grid\\\"><div><img class=\\\"iconpdf\\\" src=\\\"https:\\\/\\\/caid.gob.do\\\/transparencia\\\/wp-content\\\/uploads\\\/iconos-para-web-08.png\\\" \\\/><\\\/div><div><p>N\\u00f3mina temporal de septiembre &#8211; 2023<\\\/p><p><a href=\\\"https:\\\/\\\/caid.gob.do\\\/transparencia\\\/wp-content\\\/uploads\\\/RRHH-Nomina-Temporal-Septimbre-2023.-OAI_0001.pdf\\\" target=\\\"_blank\\\" rel=\\\"noopener\\\"><strong>DESCARGAR<\\\/strong><\\\/a><\\\/p><\\\/div><\\\/div><hr \\\/><div class=\\\"grid\\\"><div><img class=\\\"iconpdf\\\" src=\\\"https:\\\/\\\/caid.gob.do\\\/transparencia\\\/wp-content\\\/uploads\\\/iconos-para-web-08.png\\\" \\\/><\\\/div><div><p>N\\u00f3mina pensi\\u00f3n de septiembre &#8211; 2023<\\\/p><p><a href=\\\"https:\\\/\\\/caid.gob.do\\\/transparencia\\\/wp-content\\\/uploads\\\/RRHH-Nomina-Tramite-de-Pension-Septiembre-2023.-OAI_0001.pdf\\\" target=\\\"_blank\\\" rel=\\\"noopener\\\"><strong>DESCARGAR<\\\/strong><\\\/a><\\\/p><\\\/div><\\\/div>\"}},{\"@type\":\"Question\",\"name\":\"Agosto\",\"acceptedAnswer\":{\"@type\":\"Answer\",\"text\":\"<div class=\\\"grid\\\"><div><img class=\\\"iconpdf\\\" src=\\\"https:\\\/\\\/caid.gob.do\\\/transparencia\\\/wp-content\\\/uploads\\\/iconos-para-web-09.png\\\" \\\/><\\\/div><div>N\\u00f3mina de agosto &#8211; 2023<a href=\\\"https:\\\/\\\/caid.gob.do\\\/transparencia\\\/wp-content\\\/uploads\\\/NOMINAS-CAID-AGOSTO-2023-OAI.xlsx\\\" target=\\\"_blank\\\" rel=\\\"noopener\\\"><strong>DESCARGAR<\\\/strong><\\\/a><\\\/div><\\\/div><hr \\\/><div class=\\\"grid\\\"><div><img class=\\\"iconpdf\\\" src=\\\"https:\\\/\\\/caid.gob.do\\\/transparencia\\\/wp-content\\\/uploads\\\/iconos-para-web-08.png\\\" \\\/><\\\/div><div><p>N\\u00f3mina fija de agosto &#8211; 2023<\\\/p><p><a href=\\\"https:\\\/\\\/caid.gob.do\\\/transparencia\\\/wp-content\\\/uploads\\\/Nomina-Personal-Fijo-Agosto-2023_0001.pdf\\\" target=\\\"_blank\\\" rel=\\\"noopener\\\"><strong>DESCARGAR<\\\/strong><\\\/a><\\\/p><\\\/div><\\\/div><hr \\\/><div class=\\\"grid\\\"><div><img class=\\\"iconpdf\\\" src=\\\"https:\\\/\\\/caid.gob.do\\\/transparencia\\\/wp-content\\\/uploads\\\/iconos-para-web-08.png\\\" \\\/><\\\/div><div><p>N\\u00f3mina vigilante de agosto &#8211; 2023<\\\/p><p><a href=\\\"https:\\\/\\\/caid.gob.do\\\/transparencia\\\/wp-content\\\/uploads\\\/Nomina-Personal-Vigilancia-Agosto-2023_0001.pdf\\\" target=\\\"_blank\\\" rel=\\\"noopener\\\"><strong>DESCARGAR<\\\/strong><\\\/a><\\\/p><\\\/div><\\\/div><hr \\\/><div class=\\\"grid\\\"><div><img class=\\\"iconpdf\\\" src=\\\"https:\\\/\\\/caid.gob.do\\\/transparencia\\\/wp-content\\\/uploads\\\/iconos-para-web-08.png\\\" \\\/><\\\/div><div><p>N\\u00f3mina eventual de agosto &#8211; 2023<\\\/p><p><a href=\\\"https:\\\/\\\/caid.gob.do\\\/transparencia\\\/wp-content\\\/uploads\\\/Nomina-Eventual-Agosto-2023_0001.pdf\\\" target=\\\"_blank\\\" rel=\\\"noopener\\\"><strong>DESCARGAR<\\\/strong><\\\/a><\\\/p><\\\/div><\\\/div><hr \\\/><div class=\\\"grid\\\"><div><img class=\\\"iconpdf\\\" src=\\\"https:\\\/\\\/caid.gob.do\\\/transparencia\\\/wp-content\\\/uploads\\\/iconos-para-web-08.png\\\" \\\/><\\\/div><div><p>N\\u00f3mina temporal de agosto &#8211; 2023<\\\/p><p><a href=\\\"https:\\\/\\\/caid.gob.do\\\/transparencia\\\/wp-content\\\/uploads\\\/Nomina-Temporal-agosto-2023_0001.pdf\\\" target=\\\"_blank\\\" rel=\\\"noopener\\\"><strong>DESCARGAR<\\\/strong><\\\/a><\\\/p><\\\/div><\\\/div><hr \\\/><div class=\\\"grid\\\"><div><img class=\\\"iconpdf\\\" src=\\\"https:\\\/\\\/caid.gob.do\\\/transparencia\\\/wp-content\\\/uploads\\\/iconos-para-web-08.png\\\" \\\/><\\\/div><div><p>N\\u00f3mina pensi\\u00f3n de agosto &#8211; 2023<\\\/p><p><a href=\\\"https:\\\/\\\/caid.gob.do\\\/transparencia\\\/wp-content\\\/uploads\\\/Nomina-Tramite-de-Pensiones-Agosto-2023.-OAI_0001.pdf\\\" target=\\\"_blank\\\" rel=\\\"noopener\\\"><strong>DESCARGAR<\\\/strong><\\\/a><\\\/p><\\\/div><\\\/div>\"}},{\"@type\":\"Question\",\"name\":\"Julio\",\"acceptedAnswer\":{\"@type\":\"Answer\",\"text\":\"<div class=\\\"grid\\\"><div><img class=\\\"iconpdf\\\" src=\\\"https:\\\/\\\/caid.gob.do\\\/transparencia\\\/wp-content\\\/uploads\\\/iconos-para-web-09.png\\\" \\\/><\\\/div><div>N\\u00f3mina de julio &#8211; 2023<a href=\\\"https:\\\/\\\/caid.gob.do\\\/transparencia\\\/wp-content\\\/uploads\\\/NOMINAS-CAID-JULIO.-2023-OAI.-ACTUALIZADA-y.xlsx\\\" target=\\\"_blank\\\" rel=\\\"noopener\\\"><strong>DESCARGAR<\\\/strong><\\\/a><\\\/div><\\\/div><hr \\\/><div class=\\\"grid\\\"><div><img class=\\\"iconpdf\\\" src=\\\"https:\\\/\\\/caid.gob.do\\\/transparencia\\\/wp-content\\\/uploads\\\/iconos-para-web-08.png\\\" \\\/><\\\/div><div><p>N\\u00f3mina fija de julio &#8211; 2023<\\\/p><p><a href=\\\"https:\\\/\\\/caid.gob.do\\\/transparencia\\\/wp-content\\\/uploads\\\/Nomina-Fijos-Julio-2023_0001.pdf\\\" target=\\\"_blank\\\" rel=\\\"noopener\\\"><strong>DESCARGAR<\\\/strong><\\\/a><\\\/p><\\\/div><\\\/div><hr \\\/><div class=\\\"grid\\\"><div><img class=\\\"iconpdf\\\" src=\\\"https:\\\/\\\/caid.gob.do\\\/transparencia\\\/wp-content\\\/uploads\\\/iconos-para-web-08.png\\\" \\\/><\\\/div><div><p>N\\u00f3mina vigilante de julio &#8211; 2023<\\\/p><p><a href=\\\"https:\\\/\\\/caid.gob.do\\\/transparencia\\\/wp-content\\\/uploads\\\/Nomina-Vigilancia-Julio-2023_0001.pdf\\\" target=\\\"_blank\\\" rel=\\\"noopener\\\"><strong>DESCARGAR<\\\/strong><\\\/a><\\\/p><\\\/div><\\\/div><hr \\\/><div class=\\\"grid\\\"><div><img class=\\\"iconpdf\\\" src=\\\"https:\\\/\\\/caid.gob.do\\\/transparencia\\\/wp-content\\\/uploads\\\/iconos-para-web-08.png\\\" \\\/><\\\/div><div><p>N\\u00f3mina eventual de julio &#8211; 2023<\\\/p><p><a href=\\\"https:\\\/\\\/caid.gob.do\\\/transparencia\\\/wp-content\\\/uploads\\\/Nomina-Eventual-Julio-2023_0001.pdf\\\" target=\\\"_blank\\\" rel=\\\"noopener\\\"><strong>DESCARGAR<\\\/strong><\\\/a><\\\/p><\\\/div><\\\/div><hr \\\/><div class=\\\"grid\\\"><div><img class=\\\"iconpdf\\\" src=\\\"https:\\\/\\\/caid.gob.do\\\/transparencia\\\/wp-content\\\/uploads\\\/iconos-para-web-08.png\\\" \\\/><\\\/div><div><p>N\\u00f3mina temporal de julio &#8211; 2023<\\\/p><p><a href=\\\"https:\\\/\\\/caid.gob.do\\\/transparencia\\\/wp-content\\\/uploads\\\/Nomina-Temporal-Julio-2023_0001.pdf\\\" target=\\\"_blank\\\" rel=\\\"noopener\\\"><strong>DESCARGAR<\\\/strong><\\\/a><\\\/p><\\\/div><\\\/div><hr \\\/><div class=\\\"grid\\\"><div><img class=\\\"iconpdf\\\" src=\\\"https:\\\/\\\/caid.gob.do\\\/transparencia\\\/wp-content\\\/uploads\\\/iconos-para-web-08.png\\\" \\\/><\\\/div><div><p>N\\u00f3mina pensi\\u00f3n de julio &#8211; 2023<\\\/p><p><a href=\\\"https:\\\/\\\/caid.gob.do\\\/transparencia\\\/wp-content\\\/uploads\\\/Nomina-Pension-Julio-2023_0001.pdf\\\" target=\\\"_blank\\\" rel=\\\"noopener\\\"><strong>DESCARGAR<\\\/strong><\\\/a><\\\/p><\\\/div><\\\/div>\"}},{\"@type\":\"Question\",\"name\":\"Junio\",\"acceptedAnswer\":{\"@type\":\"Answer\",\"text\":\"<div class=\\\"grid\\\"><div><img class=\\\"iconpdf\\\" src=\\\"https:\\\/\\\/caid.gob.do\\\/transparencia\\\/wp-content\\\/uploads\\\/iconos-para-web-09.png\\\" \\\/><\\\/div><div>N\\u00f3mina de junio &#8211; 2023<a href=\\\"https:\\\/\\\/caid.gob.do\\\/transparencia\\\/wp-content\\\/uploads\\\/NOMINAS-CAID-JUNIO.-2023-OAI.-ACTUALIZADA.xlsx\\\" target=\\\"_blank\\\" rel=\\\"noopener\\\"><strong>DESCARGAR<\\\/strong><\\\/a><\\\/div><\\\/div><hr \\\/><div class=\\\"grid\\\"><div><img class=\\\"iconpdf\\\" src=\\\"https:\\\/\\\/caid.gob.do\\\/transparencia\\\/wp-content\\\/uploads\\\/iconos-para-web-08.png\\\" \\\/><\\\/div><div><p>N\\u00f3mina fija de junio &#8211; 2023<\\\/p><p><a href=\\\"https:\\\/\\\/caid.gob.do\\\/transparencia\\\/wp-content\\\/uploads\\\/Nomina-Personal-Fijos-Junio-2023.-OAI-pdf_0001.pdf\\\" target=\\\"_blank\\\" rel=\\\"noopener\\\"><strong>DESCARGAR<\\\/strong><\\\/a><\\\/p><\\\/div><\\\/div><hr \\\/><div class=\\\"grid\\\"><div><img class=\\\"iconpdf\\\" src=\\\"https:\\\/\\\/caid.gob.do\\\/transparencia\\\/wp-content\\\/uploads\\\/iconos-para-web-08.png\\\" \\\/><\\\/div><div><p>N\\u00f3mina vigilante de junio &#8211; 2023<\\\/p><p><a href=\\\"https:\\\/\\\/caid.gob.do\\\/transparencia\\\/wp-content\\\/uploads\\\/Nomina-Personal-Vigilancia-Junio-2023.-OAI-pdf_0001.pdf\\\" target=\\\"_blank\\\" rel=\\\"noopener\\\"><strong>DESCARGAR<\\\/strong><\\\/a><\\\/p><\\\/div><\\\/div><hr \\\/><div class=\\\"grid\\\"><div><img class=\\\"iconpdf\\\" src=\\\"https:\\\/\\\/caid.gob.do\\\/transparencia\\\/wp-content\\\/uploads\\\/iconos-para-web-08.png\\\" \\\/><\\\/div><div><p>N\\u00f3mina eventual de junio &#8211; 2023<\\\/p><p><a href=\\\"https:\\\/\\\/caid.gob.do\\\/transparencia\\\/wp-content\\\/uploads\\\/Nomina-Personal-Eventual-Junio-2023.-OAI-pdf_0001.pdf\\\" target=\\\"_blank\\\" rel=\\\"noopener\\\"><strong>DESCARGAR<\\\/strong><\\\/a><\\\/p><\\\/div><\\\/div><hr \\\/><div class=\\\"grid\\\"><div><img class=\\\"iconpdf\\\" src=\\\"https:\\\/\\\/caid.gob.do\\\/transparencia\\\/wp-content\\\/uploads\\\/iconos-para-web-08.png\\\" \\\/><\\\/div><div><p>N\\u00f3mina temporal de junio &#8211; 2023<\\\/p><p><a href=\\\"https:\\\/\\\/caid.gob.do\\\/transparencia\\\/wp-content\\\/uploads\\\/Nomina-Empleados-Temporales-Junio-2023.-OAI-pdf_0001.pdf\\\" target=\\\"_blank\\\" rel=\\\"noopener\\\"><strong>DESCARGAR<\\\/strong><\\\/a><\\\/p><\\\/div><\\\/div><hr \\\/><div class=\\\"grid\\\"><div><img class=\\\"iconpdf\\\" src=\\\"https:\\\/\\\/caid.gob.do\\\/transparencia\\\/wp-content\\\/uploads\\\/iconos-para-web-08.png\\\" \\\/><\\\/div><div><p>N\\u00f3mina pensi\\u00f3n de junio &#8211; 2023<\\\/p><p><a href=\\\"https:\\\/\\\/caid.gob.do\\\/transparencia\\\/wp-content\\\/uploads\\\/Nomina-Personal-Tramite-de-Pension-Junio-2023.-OAI.pdf\\\" target=\\\"_blank\\\" rel=\\\"noopener\\\"><strong>DESCARGAR<\\\/strong><\\\/a><\\\/p><\\\/div><\\\/div>\"}},{\"@type\":\"Question\",\"name\":\"Mayo\",\"acceptedAnswer\":{\"@type\":\"Answer\",\"text\":\"<div class=\\\"grid\\\"><div><img class=\\\"iconpdf\\\" src=\\\"https:\\\/\\\/caid.gob.do\\\/transparencia\\\/wp-content\\\/uploads\\\/iconos-para-web-09.png\\\" \\\/><\\\/div><div>N\\u00f3mina de mayo &#8211; 2023<a href=\\\"https:\\\/\\\/caid.gob.do\\\/transparencia\\\/wp-content\\\/uploads\\\/NOMINAS-CAID-MAYO.-2023-OAI.-ACTUALIZADA.xlsx\\\" target=\\\"_blank\\\" rel=\\\"noopener\\\"><strong>DESCARGAR<\\\/strong><\\\/a><\\\/div><\\\/div><hr \\\/><div class=\\\"grid\\\"><div><img class=\\\"iconpdf\\\" src=\\\"https:\\\/\\\/caid.gob.do\\\/transparencia\\\/wp-content\\\/uploads\\\/iconos-para-web-08.png\\\" \\\/><\\\/div><div><p>N\\u00f3mina fija de mayo &#8211; 2023<\\\/p><p><a href=\\\"https:\\\/\\\/caid.gob.do\\\/transparencia\\\/wp-content\\\/uploads\\\/Nomina-Fijos-Mayo-2023.pdf\\\" target=\\\"_blank\\\" rel=\\\"noopener\\\"><strong>DESCARGAR<\\\/strong><\\\/a><\\\/p><\\\/div><\\\/div><hr \\\/><div class=\\\"grid\\\"><div><img class=\\\"iconpdf\\\" src=\\\"https:\\\/\\\/caid.gob.do\\\/transparencia\\\/wp-content\\\/uploads\\\/iconos-para-web-08.png\\\" \\\/><\\\/div><div><p>N\\u00f3mina vigilante de mayo &#8211; 2023<\\\/p><p><a href=\\\"https:\\\/\\\/caid.gob.do\\\/transparencia\\\/wp-content\\\/uploads\\\/Nomina-Personal-Vigilancia-Mayo-2023.pdf\\\" target=\\\"_blank\\\" rel=\\\"noopener\\\"><strong>DESCARGAR<\\\/strong><\\\/a><\\\/p><\\\/div><\\\/div><hr \\\/><div class=\\\"grid\\\"><div><img class=\\\"iconpdf\\\" src=\\\"https:\\\/\\\/caid.gob.do\\\/transparencia\\\/wp-content\\\/uploads\\\/iconos-para-web-08.png\\\" \\\/><\\\/div><div><p>N\\u00f3mina eventual de mayo &#8211; 2023<\\\/p><p><a href=\\\"https:\\\/\\\/caid.gob.do\\\/transparencia\\\/wp-content\\\/uploads\\\/Nomina-Personal-Eventual-Mayo-2023.pdf\\\" target=\\\"_blank\\\" rel=\\\"noopener\\\"><strong>DESCARGAR<\\\/strong><\\\/a><\\\/p><\\\/div><\\\/div><hr \\\/><div class=\\\"grid\\\"><div><img class=\\\"iconpdf\\\" src=\\\"https:\\\/\\\/caid.gob.do\\\/transparencia\\\/wp-content\\\/uploads\\\/iconos-para-web-08.png\\\" \\\/><\\\/div><div><p>N\\u00f3mina temporal de mayo &#8211; 2023<\\\/p><p><a href=\\\"https:\\\/\\\/caid.gob.do\\\/transparencia\\\/wp-content\\\/uploads\\\/Nomina-Temporal-Mayo-2023.pdf\\\" target=\\\"_blank\\\" rel=\\\"noopener\\\"><strong>DESCARGAR<\\\/strong><\\\/a><\\\/p><\\\/div><\\\/div><hr \\\/><div class=\\\"grid\\\"><div><img class=\\\"iconpdf\\\" src=\\\"https:\\\/\\\/caid.gob.do\\\/transparencia\\\/wp-content\\\/uploads\\\/iconos-para-web-08.png\\\" \\\/><\\\/div><div><p>N\\u00f3mina pensi\\u00f3n de mayo &#8211; 2023<\\\/p><p><a href=\\\"https:\\\/\\\/caid.gob.do\\\/transparencia\\\/wp-content\\\/uploads\\\/Nomina-Transmite-de-Pension-Mayo-2023.pdf\\\" target=\\\"_blank\\\" rel=\\\"noopener\\\"><strong>DESCARGAR<\\\/strong><\\\/a><\\\/p><\\\/div><\\\/div>\"}},{\"@type\":\"Question\",\"name\":\"Abril\",\"acceptedAnswer\":{\"@type\":\"Answer\",\"text\":\"<div class=\\\"grid\\\"><div><img class=\\\"iconpdf\\\" src=\\\"https:\\\/\\\/caid.gob.do\\\/transparencia\\\/wp-content\\\/uploads\\\/iconos-para-web-09.png\\\" \\\/><\\\/div><div>N\\u00f3mina de abril &#8211; 2023<a href=\\\"https:\\\/\\\/caid.gob.do\\\/caid\\\/wp-content\\\/uploads\\\/NOMINAS-CAID-ABRIL-2023-OAI.xlsx\\\" target=\\\"_blank\\\" rel=\\\"noopener\\\"><strong>DESCARGAR<\\\/strong><\\\/a><\\\/div><\\\/div><hr \\\/><div class=\\\"grid\\\"><div><img class=\\\"iconpdf\\\" src=\\\"https:\\\/\\\/caid.gob.do\\\/transparencia\\\/wp-content\\\/uploads\\\/iconos-para-web-08.png\\\" \\\/><\\\/div><div><p>N\\u00f3mina fija de abril &#8211; 2023<\\\/p><p><a href=\\\"https:\\\/\\\/caid.gob.do\\\/caid\\\/wp-content\\\/uploads\\\/Nomina-Fijos-Abril-2023.pdf\\\" target=\\\"_blank\\\" rel=\\\"noopener\\\"><strong>DESCARGAR<\\\/strong><\\\/a><\\\/p><\\\/div><\\\/div><hr \\\/><div class=\\\"grid\\\"><div><img class=\\\"iconpdf\\\" src=\\\"https:\\\/\\\/caid.gob.do\\\/transparencia\\\/wp-content\\\/uploads\\\/iconos-para-web-08.png\\\" \\\/><\\\/div><div><p>N\\u00f3mina vigilante de abril &#8211; 2023<\\\/p><p><a href=\\\"https:\\\/\\\/caid.gob.do\\\/caid\\\/wp-content\\\/uploads\\\/Nomina-Vigilante-Abril-2023.pdf\\\" target=\\\"_blank\\\" rel=\\\"noopener\\\"><strong>DESCARGAR<\\\/strong><\\\/a><\\\/p><\\\/div><\\\/div><hr \\\/><div class=\\\"grid\\\"><div><img class=\\\"iconpdf\\\" src=\\\"https:\\\/\\\/caid.gob.do\\\/transparencia\\\/wp-content\\\/uploads\\\/iconos-para-web-08.png\\\" \\\/><\\\/div><div><p>N\\u00f3mina eventual de abril &#8211; 2023<\\\/p><p><a href=\\\"https:\\\/\\\/caid.gob.do\\\/caid\\\/wp-content\\\/uploads\\\/Nomina-Eventual-Marzo-2023.-OAI.pdf\\\" target=\\\"_blank\\\" rel=\\\"noopener\\\"><strong>DESCARGAR<\\\/strong><\\\/a><\\\/p><\\\/div><\\\/div><hr \\\/><div class=\\\"grid\\\"><div><img class=\\\"iconpdf\\\" src=\\\"https:\\\/\\\/caid.gob.do\\\/transparencia\\\/wp-content\\\/uploads\\\/iconos-para-web-08.png\\\" \\\/><\\\/div><div><p>N\\u00f3mina temporal de abril &#8211; 2023<\\\/p><p><a href=\\\"https:\\\/\\\/caid.gob.do\\\/caid\\\/wp-content\\\/uploads\\\/Nomina-Temporal-Abril-2023.pdf\\\" target=\\\"_blank\\\" rel=\\\"noopener\\\"><strong>DESCARGAR<\\\/strong><\\\/a><\\\/p><\\\/div><\\\/div><hr \\\/><div class=\\\"grid\\\"><div><img class=\\\"iconpdf\\\" src=\\\"https:\\\/\\\/caid.gob.do\\\/transparencia\\\/wp-content\\\/uploads\\\/iconos-para-web-08.png\\\" \\\/><\\\/div><div><p>N\\u00f3mina pensi\\u00f3n de abril &#8211; 2023<\\\/p><p><a href=\\\"https:\\\/\\\/caid.gob.do\\\/caid\\\/wp-content\\\/uploads\\\/Nomina-Tramite-de-Pension-Abril-2023.pdf\\\" target=\\\"_blank\\\" rel=\\\"noopener\\\"><strong>DESCARGAR<\\\/strong><\\\/a><\\\/p><\\\/div><\\\/div>\"}},{\"@type\":\"Question\",\"name\":\"Marzo\",\"acceptedAnswer\":{\"@type\":\"Answer\",\"text\":\"<div class=\\\"grid\\\">\\n<div><img class=\\\"iconpdf\\\" src=\\\"https:\\\/\\\/caid.gob.do\\\/transparencia\\\/wp-content\\\/uploads\\\/iconos-para-web-09.png\\\" \\\/><\\\/div>\\n<div>N\\u00f3mina de marzo &#8211; 2023\\n<a href=\\\"https:\\\/\\\/caid.gob.do\\\/caid\\\/wp-content\\\/uploads\\\/NOMINAS-CAID-MARZO.-2023-OAI-MAA.xlsx\\\" target=\\\"_blank\\\" rel=\\\"noopener\\\"><strong>DESCARGAR<\\\/strong><\\\/a><\\\/div>\\n<\\\/div>\\n\\n<hr \\\/>\\n\\n<div class=\\\"grid\\\">\\n<div><img class=\\\"iconpdf\\\" src=\\\"https:\\\/\\\/caid.gob.do\\\/transparencia\\\/wp-content\\\/uploads\\\/iconos-para-web-08.png\\\" \\\/><\\\/div>\\n<div>\\n\\nN\\u00f3mina fija de marzo &#8211; 2023\\n\\n<a href=\\\"https:\\\/\\\/caid.gob.do\\\/caid\\\/wp-content\\\/uploads\\\/Nomina-Fijos-Marzo-2023.-OAI.pdf\\\" target=\\\"_blank\\\" rel=\\\"noopener\\\"><strong>DESCARGAR<\\\/strong><\\\/a>\\n\\n<\\\/div>\\n<\\\/div>\\n\\n<hr \\\/>\\n\\n<div class=\\\"grid\\\">\\n<div><img class=\\\"iconpdf\\\" src=\\\"https:\\\/\\\/caid.gob.do\\\/transparencia\\\/wp-content\\\/uploads\\\/iconos-para-web-08.png\\\" \\\/><\\\/div>\\n<div>\\n\\nN\\u00f3mina vigilante de marzo &#8211; 2023\\n\\n<a href=\\\"https:\\\/\\\/caid.gob.do\\\/caid\\\/wp-content\\\/uploads\\\/Nomina-Vigilancia-Marzo-2023.-OAI.pdf\\\" target=\\\"_blank\\\" rel=\\\"noopener\\\"><strong>DESCARGAR<\\\/strong><\\\/a>\\n\\n<\\\/div>\\n<\\\/div>\\n\\n<hr \\\/>\\n\\n<div class=\\\"grid\\\">\\n<div><img class=\\\"iconpdf\\\" src=\\\"https:\\\/\\\/caid.gob.do\\\/transparencia\\\/wp-content\\\/uploads\\\/iconos-para-web-08.png\\\" \\\/><\\\/div>\\n<div>\\n\\nN\\u00f3mina eventual de marzo &#8211; 2023\\n\\n<a href=\\\"https:\\\/\\\/caid.gob.do\\\/caid\\\/wp-content\\\/uploads\\\/Nomina-Eventual-Marzo-2023.-OAI.pdf\\\" target=\\\"_blank\\\" rel=\\\"noopener\\\"><strong>DESCARGAR<\\\/strong><\\\/a>\\n\\n<\\\/div>\\n<\\\/div>\\n\\n<hr \\\/>\\n\\n<div class=\\\"grid\\\">\\n<div><img class=\\\"iconpdf\\\" src=\\\"https:\\\/\\\/caid.gob.do\\\/transparencia\\\/wp-content\\\/uploads\\\/iconos-para-web-08.png\\\" \\\/><\\\/div>\\n<div>\\n\\nN\\u00f3mina temporal de marzo &#8211; 2023\\n\\n<a href=\\\"https:\\\/\\\/caid.gob.do\\\/caid\\\/wp-content\\\/uploads\\\/Nomina-Temporal-Marzo-2023.-OAI.pdf\\\" target=\\\"_blank\\\" rel=\\\"noopener\\\"><strong>DESCARGAR<\\\/strong><\\\/a>\\n\\n<\\\/div>\\n<\\\/div>\\n\\n<hr \\\/>\\n\\n<div class=\\\"grid\\\">\\n<div><img class=\\\"iconpdf\\\" src=\\\"https:\\\/\\\/caid.gob.do\\\/transparencia\\\/wp-content\\\/uploads\\\/iconos-para-web-08.png\\\" \\\/><\\\/div>\\n<div>\\n\\nN\\u00f3mina pensi\\u00f3n de marzo &#8211; 2023\\n\\n<a href=\\\"https:\\\/\\\/caid.gob.do\\\/caid\\\/wp-content\\\/uploads\\\/Nomina-tramite-de-Pension-Marzo-2023.-OAI.pdf\\\" target=\\\"_blank\\\" rel=\\\"noopener\\\"><strong>DESCARGAR<\\\/strong><\\\/a>\\n\\n<\\\/div>\\n<\\\/div>\"}},{\"@type\":\"Question\",\"name\":\"Febrero\",\"acceptedAnswer\":{\"@type\":\"Answer\",\"text\":\"<div class=\\\"grid\\\">\\n<div><img class=\\\"iconpdf\\\" src=\\\"https:\\\/\\\/caid.gob.do\\\/transparencia\\\/wp-content\\\/uploads\\\/iconos-para-web-09.png\\\" \\\/><\\\/div>\\n<div>N\\u00f3mina de febrero- 2023\\n<a href=\\\"https:\\\/\\\/caid.gob.do\\\/caid\\\/wp-content\\\/uploads\\\/NOMINAS-CAID-FEBRERO.-2023-OAI.xlsx\\\" target=\\\"_blank\\\" rel=\\\"noopener\\\"><strong>DESCARGAR<\\\/strong><\\\/a><\\\/div>\\n<\\\/div>\\n\\n<hr \\\/>\\n\\n<div class=\\\"grid\\\">\\n<div><img class=\\\"iconpdf\\\" src=\\\"https:\\\/\\\/caid.gob.do\\\/transparencia\\\/wp-content\\\/uploads\\\/iconos-para-web-08.png\\\" \\\/><\\\/div>\\n<div>\\n\\nN\\u00f3mina fija de febrero- 2023\\n\\n<a href=\\\"https:\\\/\\\/caid.gob.do\\\/caid\\\/wp-content\\\/uploads\\\/Nomina-Fijo-Febrero-2023-OAI.pdf\\\" target=\\\"_blank\\\" rel=\\\"noopener\\\"><strong>DESCARGAR<\\\/strong><\\\/a>\\n\\n<\\\/div>\\n<\\\/div>\\n\\n<hr \\\/>\\n\\n<div class=\\\"grid\\\">\\n<div><img class=\\\"iconpdf\\\" src=\\\"https:\\\/\\\/caid.gob.do\\\/transparencia\\\/wp-content\\\/uploads\\\/iconos-para-web-08.png\\\" \\\/><\\\/div>\\n<div>\\n\\nN\\u00f3mina vigilante de febrero- 2023\\n\\n<a href=\\\"https:\\\/\\\/caid.gob.do\\\/caid\\\/wp-content\\\/uploads\\\/Nomina-Vigilancia-Febrero-2023.-OAI.pdf\\\" target=\\\"_blank\\\" rel=\\\"noopener\\\"><strong>DESCARGAR<\\\/strong><\\\/a>\\n\\n<\\\/div>\\n<\\\/div>\\n\\n<hr \\\/>\\n\\n<div class=\\\"grid\\\">\\n<div><img class=\\\"iconpdf\\\" src=\\\"https:\\\/\\\/caid.gob.do\\\/transparencia\\\/wp-content\\\/uploads\\\/iconos-para-web-08.png\\\" \\\/><\\\/div>\\n<div>\\n\\nN\\u00f3mina eventual de febrero- 2023\\n\\n<a href=\\\"https:\\\/\\\/caid.gob.do\\\/caid\\\/wp-content\\\/uploads\\\/Nomina-Eventual-Febrero-2023.-OAI.pdf\\\" target=\\\"_blank\\\" rel=\\\"noopener\\\"><strong>DESCARGAR<\\\/strong><\\\/a>\\n\\n<\\\/div>\\n<\\\/div>\\n\\n<hr \\\/>\\n\\n<div class=\\\"grid\\\">\\n<div><img class=\\\"iconpdf\\\" src=\\\"https:\\\/\\\/caid.gob.do\\\/transparencia\\\/wp-content\\\/uploads\\\/iconos-para-web-08.png\\\" \\\/><\\\/div>\\n<div>\\n\\nN\\u00f3mina temporal de febrero- 2023\\n\\n<a href=\\\"https:\\\/\\\/caid.gob.do\\\/caid\\\/wp-content\\\/uploads\\\/Nomina-Temporal-Febrero-2023.-OAI.pdf\\\" target=\\\"_blank\\\" rel=\\\"noopener\\\"><strong>DESCARGAR<\\\/strong><\\\/a>\\n\\n<\\\/div>\\n<\\\/div>\\n\\n<hr \\\/>\\n\\n<div class=\\\"grid\\\">\\n<div><img class=\\\"iconpdf\\\" src=\\\"https:\\\/\\\/caid.gob.do\\\/transparencia\\\/wp-content\\\/uploads\\\/iconos-para-web-08.png\\\" \\\/><\\\/div>\\n<div>\\n\\nN\\u00f3mina pensi\\u00f3n de febrero- 2023\\n\\n<a href=\\\"https:\\\/\\\/caid.gob.do\\\/caid\\\/wp-content\\\/uploads\\\/Nomina-Pension-Febrero-2023.-OAI.pdf\\\" target=\\\"_blank\\\" rel=\\\"noopener\\\"><strong>DESCARGAR<\\\/strong><\\\/a>\\n\\n<\\\/div>\\n<\\\/div>\"}},{\"@type\":\"Question\",\"name\":\"Enero\",\"acceptedAnswer\":{\"@type\":\"Answer\",\"text\":\"<div class=\\\"grid\\\">\\n<div><img class=\\\"iconpdf\\\" src=\\\"https:\\\/\\\/caid.gob.do\\\/transparencia\\\/wp-content\\\/uploads\\\/iconos-para-web-09.png\\\" \\\/><\\\/div>\\n<div>N\\u00f3mina de Enero- 2023\\n<a href=\\\"https:\\\/\\\/caid.gob.do\\\/caid\\\/wp-content\\\/uploads\\\/NOMINAS-CAID-ENERO.-2023-OAI.xlsx\\\" target=\\\"_blank\\\" rel=\\\"noopener\\\"><strong>DESCARGAR<\\\/strong><\\\/a><\\\/div>\\n<\\\/div>\\n\\n<hr \\\/>\\n\\n<div class=\\\"grid\\\">\\n<div><img class=\\\"iconpdf\\\" src=\\\"https:\\\/\\\/caid.gob.do\\\/transparencia\\\/wp-content\\\/uploads\\\/iconos-para-web-08.png\\\" \\\/><\\\/div>\\n<div>\\n\\nN\\u00f3mina fija de enero &#8211; 2023\\n\\n<a href=\\\"https:\\\/\\\/caid.gob.do\\\/caid\\\/wp-content\\\/uploads\\\/nomina-fijos-enero-2023.pdf\\\" target=\\\"_blank\\\" rel=\\\"noopener\\\"><strong>DESCARGAR<\\\/strong><\\\/a>\\n\\n<\\\/div>\\n<\\\/div>\\n\\n<hr \\\/>\\n\\n<div class=\\\"grid\\\">\\n<div><img class=\\\"iconpdf\\\" src=\\\"https:\\\/\\\/caid.gob.do\\\/transparencia\\\/wp-content\\\/uploads\\\/iconos-para-web-08.png\\\" \\\/><\\\/div>\\n<div>\\n\\nN\\u00f3mina vigilante de enero &#8211; 2023\\n\\n<a href=\\\"https:\\\/\\\/caid.gob.do\\\/caid\\\/wp-content\\\/uploads\\\/nomina-vigilante-enero-2023.pdf\\\" target=\\\"_blank\\\" rel=\\\"noopener\\\"><strong>DESCARGAR<\\\/strong><\\\/a>\\n\\n<\\\/div>\\n<\\\/div>\\n\\n<hr \\\/>\\n\\n<div class=\\\"grid\\\">\\n<div><img class=\\\"iconpdf\\\" src=\\\"https:\\\/\\\/caid.gob.do\\\/transparencia\\\/wp-content\\\/uploads\\\/iconos-para-web-08.png\\\" \\\/><\\\/div>\\n<div>\\n\\nN\\u00f3mina eventual de enero &#8211; 2023\\n\\n<a href=\\\"https:\\\/\\\/caid.gob.do\\\/caid\\\/wp-content\\\/uploads\\\/nomina-eventual-enero-2023.pdf\\\" target=\\\"_blank\\\" rel=\\\"noopener\\\"><strong>DESCARGAR<\\\/strong><\\\/a>\\n\\n<\\\/div>\\n<\\\/div>\\n\\n<hr \\\/>\\n\\n<div class=\\\"grid\\\">\\n<div><img class=\\\"iconpdf\\\" src=\\\"https:\\\/\\\/caid.gob.do\\\/transparencia\\\/wp-content\\\/uploads\\\/iconos-para-web-08.png\\\" \\\/><\\\/div>\\n<div>\\n\\nN\\u00f3mina temporal de enero &#8211; 2023\\n\\n<a href=\\\"https:\\\/\\\/caid.gob.do\\\/caid\\\/wp-content\\\/uploads\\\/nomina-temporal-enero-2023.pdf\\\" target=\\\"_blank\\\" rel=\\\"noopener\\\"><strong>DESCARGAR<\\\/strong><\\\/a>\\n\\n<\\\/div>\\n<\\\/div>\\n\\n<hr \\\/>\\n\\n<div class=\\\"grid\\\">\\n<div><img class=\\\"iconpdf\\\" src=\\\"https:\\\/\\\/caid.gob.do\\\/transparencia\\\/wp-content\\\/uploads\\\/iconos-para-web-08.png\\\" \\\/><\\\/div>\\n<div>\\n\\nN\\u00f3mina pension de enero &#8211; 2023\\n\\n<a href=\\\"https:\\\/\\\/caid.gob.do\\\/caid\\\/wp-content\\\/uploads\\\/nomina-tramite-pension-enero-2023.pdf\\\" target=\\\"_blank\\\" rel=\\\"noopener\\\"><strong>DESCARGAR<\\\/strong><\\\/a>\\n\\n<\\\/div>\\n<\\\/div>\"}}]}<\/script>\n\t\t\t\t\t<\/div>\n\t\t\t\t\t\t<\/div>\n\t\t\t\t<\/div>\n\t\t\t\t\t<\/div>\n\t\t<\/div>\n\t\t\t\t\t<\/div>\n\t\t<\/section>\n\t\t\t\t<\/div>\n\t\t","protected":false},"excerpt":{"rendered":"<p>Diciembre N\u00f3mina de diciembre &#8211; 2023DESCARGAR N\u00f3mina fija de diciembre &#8211; 2023 DESCARGAR N\u00f3mina vigilante de diciembre &#8211; 2023 DESCARGAR N\u00f3mina eventual de diciembre &#8211; 2023 DESCARGAR N\u00f3mina temporal de diciembre &#8211; 2023 DESCARGAR N\u00f3mina pensi\u00f3n de diciembre &#8211; 2023 DESCARGAR Noviembre N\u00f3mina de noviembre &#8211; 2023DESCARGAR N\u00f3mina fija de noviembre &#8211; 2023 DESCARGAR N\u00f3mina [&hellip;]<\/p>\n","protected":false},"author":1,"featured_media":0,"parent":505,"menu_order":0,"comment_status":"closed","ping_status":"closed","template":"","meta":{"footnotes":""},"class_list":["post-2494","page","type-page","status-publish","hentry"],"yoast_head":"<!-- This site is optimized with the Yoast SEO plugin v27.0 - https:\/\/yoast.com\/product\/yoast-seo-wordpress\/ -->\r\n<title>N\u00f3mina de empleados del a\u00f1o 2023 - Portal de Transparencia del CAID<\/title>\r\n<meta name=\"robots\" content=\"index, follow, max-snippet:-1, max-image-preview:large, max-video-preview:-1\" \/>\r\n<link rel=\"canonical\" href=\"https:\/\/caid.gob.do\/transparencia\/portal-de-transparencia-del-caid\/recursos-humanos\/nomina-de-empleados\/nomina-de-empleados-2023\/\" \/>\r\n<meta property=\"og:locale\" content=\"es_ES\" \/>\r\n<meta property=\"og:type\" content=\"article\" \/>\r\n<meta property=\"og:title\" content=\"N\u00f3mina de empleados del a\u00f1o 2023 - Portal de Transparencia del CAID\" \/>\r\n<meta property=\"og:description\" content=\"Diciembre N\u00f3mina de diciembre &#8211; 2023DESCARGAR N\u00f3mina fija de diciembre &#8211; 2023 DESCARGAR N\u00f3mina vigilante de diciembre &#8211; 2023 DESCARGAR N\u00f3mina eventual de diciembre &#8211; 2023 DESCARGAR N\u00f3mina temporal de diciembre &#8211; 2023 DESCARGAR N\u00f3mina pensi\u00f3n de diciembre &#8211; 2023 DESCARGAR Noviembre N\u00f3mina de noviembre &#8211; 2023DESCARGAR N\u00f3mina fija de noviembre &#8211; 2023 DESCARGAR N\u00f3mina [&hellip;]\" \/>\r\n<meta property=\"og:url\" content=\"https:\/\/caid.gob.do\/transparencia\/portal-de-transparencia-del-caid\/recursos-humanos\/nomina-de-empleados\/nomina-de-empleados-2023\/\" \/>\r\n<meta property=\"og:site_name\" content=\"Portal de Transparencia del CAID\" \/>\r\n<meta property=\"article:modified_time\" content=\"2024-02-20T13:31:51+00:00\" \/>\r\n<meta property=\"og:image\" content=\"https:\/\/caid.gob.do\/transparencia\/wp-content\/uploads\/iconos-para-web-09.png\" \/>\r\n<meta name=\"twitter:card\" content=\"summary_large_image\" \/>\r\n<meta name=\"twitter:label1\" content=\"Est. reading time\" \/>\n\t<meta name=\"twitter:data1\" content=\"17 minutos\" \/>\r\n<script type=\"application\/ld+json\" class=\"yoast-schema-graph\">{\"@context\":\"https:\/\/schema.org\",\"@graph\":[{\"@type\":\"WebPage\",\"@id\":\"https:\/\/caid.gob.do\/transparencia\/portal-de-transparencia-del-caid\/recursos-humanos\/nomina-de-empleados\/nomina-de-empleados-2023\/\",\"url\":\"https:\/\/caid.gob.do\/transparencia\/portal-de-transparencia-del-caid\/recursos-humanos\/nomina-de-empleados\/nomina-de-empleados-2023\/\",\"name\":\"N\u00f3mina de empleados del a\u00f1o 2023 - Portal de Transparencia del CAID\",\"isPartOf\":{\"@id\":\"https:\/\/caid.gob.do\/transparencia\/#website\"},\"primaryImageOfPage\":{\"@id\":\"https:\/\/caid.gob.do\/transparencia\/portal-de-transparencia-del-caid\/recursos-humanos\/nomina-de-empleados\/nomina-de-empleados-2023\/#primaryimage\"},\"image\":{\"@id\":\"https:\/\/caid.gob.do\/transparencia\/portal-de-transparencia-del-caid\/recursos-humanos\/nomina-de-empleados\/nomina-de-empleados-2023\/#primaryimage\"},\"thumbnailUrl\":\"https:\/\/caid.gob.do\/transparencia\/wp-content\/uploads\/iconos-para-web-09.png\",\"datePublished\":\"2023-03-03T00:59:21+00:00\",\"dateModified\":\"2024-02-20T13:31:51+00:00\",\"breadcrumb\":{\"@id\":\"https:\/\/caid.gob.do\/transparencia\/portal-de-transparencia-del-caid\/recursos-humanos\/nomina-de-empleados\/nomina-de-empleados-2023\/#breadcrumb\"},\"inLanguage\":\"es-DO\",\"potentialAction\":[{\"@type\":\"ReadAction\",\"target\":[\"https:\/\/caid.gob.do\/transparencia\/portal-de-transparencia-del-caid\/recursos-humanos\/nomina-de-empleados\/nomina-de-empleados-2023\/\"]}]},{\"@type\":\"ImageObject\",\"inLanguage\":\"es-DO\",\"@id\":\"https:\/\/caid.gob.do\/transparencia\/portal-de-transparencia-del-caid\/recursos-humanos\/nomina-de-empleados\/nomina-de-empleados-2023\/#primaryimage\",\"url\":\"https:\/\/caid.gob.do\/transparencia\/wp-content\/uploads\/iconos-para-web-09.png\",\"contentUrl\":\"https:\/\/caid.gob.do\/transparencia\/wp-content\/uploads\/iconos-para-web-09.png\",\"width\":128,\"height\":128},{\"@type\":\"BreadcrumbList\",\"@id\":\"https:\/\/caid.gob.do\/transparencia\/portal-de-transparencia-del-caid\/recursos-humanos\/nomina-de-empleados\/nomina-de-empleados-2023\/#breadcrumb\",\"itemListElement\":[{\"@type\":\"ListItem\",\"position\":1,\"name\":\"Est\u00e1s aqu\u00ed:\",\"item\":\"https:\/\/caid.gob.do\/transparencia\/\"},{\"@type\":\"ListItem\",\"position\":2,\"name\":\"Portal de transparencia del CAID\",\"item\":\"https:\/\/caid.gob.do\/transparencia\/\"},{\"@type\":\"ListItem\",\"position\":3,\"name\":\"Recursos humanos\",\"item\":\"https:\/\/caid.gob.do\/transparencia\/portal-de-transparencia-del-caid\/recursos-humanos\/\"},{\"@type\":\"ListItem\",\"position\":4,\"name\":\"N\u00f3mina de empleados\",\"item\":\"https:\/\/caid.gob.do\/transparencia\/portal-de-transparencia-del-caid\/recursos-humanos\/nomina-de-empleados\/\"},{\"@type\":\"ListItem\",\"position\":5,\"name\":\"N\u00f3mina de empleados del a\u00f1o 2023\"}]},{\"@type\":\"WebSite\",\"@id\":\"https:\/\/caid.gob.do\/transparencia\/#website\",\"url\":\"https:\/\/caid.gob.do\/transparencia\/\",\"name\":\"Portal de Transparencia del CAID\",\"description\":\"Transparencia del CAID\",\"publisher\":{\"@id\":\"https:\/\/caid.gob.do\/transparencia\/#organization\"},\"potentialAction\":[{\"@type\":\"SearchAction\",\"target\":{\"@type\":\"EntryPoint\",\"urlTemplate\":\"https:\/\/caid.gob.do\/transparencia\/?s={search_term_string}\"},\"query-input\":{\"@type\":\"PropertyValueSpecification\",\"valueRequired\":true,\"valueName\":\"search_term_string\"}}],\"inLanguage\":\"es-DO\"},{\"@type\":\"Organization\",\"@id\":\"https:\/\/caid.gob.do\/transparencia\/#organization\",\"name\":\"Portal de Transparencia del CAID\",\"url\":\"https:\/\/caid.gob.do\/transparencia\/\",\"logo\":{\"@type\":\"ImageObject\",\"inLanguage\":\"es-DO\",\"@id\":\"https:\/\/caid.gob.do\/transparencia\/#\/schema\/logo\/image\/\",\"url\":\"https:\/\/caid.gob.do\/transparencia\/wp-content\/uploads\/2023\/01\/CAID-LOGOS-EN-PNG_Mesa-de-trabajo-1.png\",\"contentUrl\":\"https:\/\/caid.gob.do\/transparencia\/wp-content\/uploads\/2023\/01\/CAID-LOGOS-EN-PNG_Mesa-de-trabajo-1.png\",\"width\":4500,\"height\":2220,\"caption\":\"Portal de Transparencia del CAID\"},\"image\":{\"@id\":\"https:\/\/caid.gob.do\/transparencia\/#\/schema\/logo\/image\/\"}}]}<\/script>\r\n<!-- \/ Yoast SEO plugin. -->","yoast_head_json":{"title":"N\u00f3mina de empleados del a\u00f1o 2023 - Portal de Transparencia del CAID","robots":{"index":"index","follow":"follow","max-snippet":"max-snippet:-1","max-image-preview":"max-image-preview:large","max-video-preview":"max-video-preview:-1"},"canonical":"https:\/\/caid.gob.do\/transparencia\/portal-de-transparencia-del-caid\/recursos-humanos\/nomina-de-empleados\/nomina-de-empleados-2023\/","og_locale":"es_ES","og_type":"article","og_title":"N\u00f3mina de empleados del a\u00f1o 2023 - Portal de Transparencia del CAID","og_description":"Diciembre N\u00f3mina de diciembre &#8211; 2023DESCARGAR N\u00f3mina fija de diciembre &#8211; 2023 DESCARGAR N\u00f3mina vigilante de diciembre &#8211; 2023 DESCARGAR N\u00f3mina eventual de diciembre &#8211; 2023 DESCARGAR N\u00f3mina temporal de diciembre &#8211; 2023 DESCARGAR N\u00f3mina pensi\u00f3n de diciembre &#8211; 2023 DESCARGAR Noviembre N\u00f3mina de noviembre &#8211; 2023DESCARGAR N\u00f3mina fija de noviembre &#8211; 2023 DESCARGAR N\u00f3mina [&hellip;]","og_url":"https:\/\/caid.gob.do\/transparencia\/portal-de-transparencia-del-caid\/recursos-humanos\/nomina-de-empleados\/nomina-de-empleados-2023\/","og_site_name":"Portal de Transparencia del CAID","article_modified_time":"2024-02-20T13:31:51+00:00","og_image":[{"url":"https:\/\/caid.gob.do\/transparencia\/wp-content\/uploads\/iconos-para-web-09.png","type":"","width":"","height":""}],"twitter_card":"summary_large_image","twitter_misc":{"Est. reading time":"17 minutos"},"schema":{"@context":"https:\/\/schema.org","@graph":[{"@type":"WebPage","@id":"https:\/\/caid.gob.do\/transparencia\/portal-de-transparencia-del-caid\/recursos-humanos\/nomina-de-empleados\/nomina-de-empleados-2023\/","url":"https:\/\/caid.gob.do\/transparencia\/portal-de-transparencia-del-caid\/recursos-humanos\/nomina-de-empleados\/nomina-de-empleados-2023\/","name":"N\u00f3mina de empleados del a\u00f1o 2023 - Portal de Transparencia del CAID","isPartOf":{"@id":"https:\/\/caid.gob.do\/transparencia\/#website"},"primaryImageOfPage":{"@id":"https:\/\/caid.gob.do\/transparencia\/portal-de-transparencia-del-caid\/recursos-humanos\/nomina-de-empleados\/nomina-de-empleados-2023\/#primaryimage"},"image":{"@id":"https:\/\/caid.gob.do\/transparencia\/portal-de-transparencia-del-caid\/recursos-humanos\/nomina-de-empleados\/nomina-de-empleados-2023\/#primaryimage"},"thumbnailUrl":"https:\/\/caid.gob.do\/transparencia\/wp-content\/uploads\/iconos-para-web-09.png","datePublished":"2023-03-03T00:59:21+00:00","dateModified":"2024-02-20T13:31:51+00:00","breadcrumb":{"@id":"https:\/\/caid.gob.do\/transparencia\/portal-de-transparencia-del-caid\/recursos-humanos\/nomina-de-empleados\/nomina-de-empleados-2023\/#breadcrumb"},"inLanguage":"es-DO","potentialAction":[{"@type":"ReadAction","target":["https:\/\/caid.gob.do\/transparencia\/portal-de-transparencia-del-caid\/recursos-humanos\/nomina-de-empleados\/nomina-de-empleados-2023\/"]}]},{"@type":"ImageObject","inLanguage":"es-DO","@id":"https:\/\/caid.gob.do\/transparencia\/portal-de-transparencia-del-caid\/recursos-humanos\/nomina-de-empleados\/nomina-de-empleados-2023\/#primaryimage","url":"https:\/\/caid.gob.do\/transparencia\/wp-content\/uploads\/iconos-para-web-09.png","contentUrl":"https:\/\/caid.gob.do\/transparencia\/wp-content\/uploads\/iconos-para-web-09.png","width":128,"height":128},{"@type":"BreadcrumbList","@id":"https:\/\/caid.gob.do\/transparencia\/portal-de-transparencia-del-caid\/recursos-humanos\/nomina-de-empleados\/nomina-de-empleados-2023\/#breadcrumb","itemListElement":[{"@type":"ListItem","position":1,"name":"Est\u00e1s aqu\u00ed:","item":"https:\/\/caid.gob.do\/transparencia\/"},{"@type":"ListItem","position":2,"name":"Portal de transparencia del CAID","item":"https:\/\/caid.gob.do\/transparencia\/"},{"@type":"ListItem","position":3,"name":"Recursos humanos","item":"https:\/\/caid.gob.do\/transparencia\/portal-de-transparencia-del-caid\/recursos-humanos\/"},{"@type":"ListItem","position":4,"name":"N\u00f3mina de empleados","item":"https:\/\/caid.gob.do\/transparencia\/portal-de-transparencia-del-caid\/recursos-humanos\/nomina-de-empleados\/"},{"@type":"ListItem","position":5,"name":"N\u00f3mina de empleados del a\u00f1o 2023"}]},{"@type":"WebSite","@id":"https:\/\/caid.gob.do\/transparencia\/#website","url":"https:\/\/caid.gob.do\/transparencia\/","name":"Portal de Transparencia del CAID","description":"Transparencia del CAID","publisher":{"@id":"https:\/\/caid.gob.do\/transparencia\/#organization"},"potentialAction":[{"@type":"SearchAction","target":{"@type":"EntryPoint","urlTemplate":"https:\/\/caid.gob.do\/transparencia\/?s={search_term_string}"},"query-input":{"@type":"PropertyValueSpecification","valueRequired":true,"valueName":"search_term_string"}}],"inLanguage":"es-DO"},{"@type":"Organization","@id":"https:\/\/caid.gob.do\/transparencia\/#organization","name":"Portal de Transparencia del CAID","url":"https:\/\/caid.gob.do\/transparencia\/","logo":{"@type":"ImageObject","inLanguage":"es-DO","@id":"https:\/\/caid.gob.do\/transparencia\/#\/schema\/logo\/image\/","url":"https:\/\/caid.gob.do\/transparencia\/wp-content\/uploads\/2023\/01\/CAID-LOGOS-EN-PNG_Mesa-de-trabajo-1.png","contentUrl":"https:\/\/caid.gob.do\/transparencia\/wp-content\/uploads\/2023\/01\/CAID-LOGOS-EN-PNG_Mesa-de-trabajo-1.png","width":4500,"height":2220,"caption":"Portal de Transparencia del CAID"},"image":{"@id":"https:\/\/caid.gob.do\/transparencia\/#\/schema\/logo\/image\/"}}]}},"jetpack_sharing_enabled":true,"_links":{"self":[{"href":"https:\/\/caid.gob.do\/transparencia\/wp-json\/wp\/v2\/pages\/2494","targetHints":{"allow":["GET"]}}],"collection":[{"href":"https:\/\/caid.gob.do\/transparencia\/wp-json\/wp\/v2\/pages"}],"about":[{"href":"https:\/\/caid.gob.do\/transparencia\/wp-json\/wp\/v2\/types\/page"}],"author":[{"embeddable":true,"href":"https:\/\/caid.gob.do\/transparencia\/wp-json\/wp\/v2\/users\/1"}],"replies":[{"embeddable":true,"href":"https:\/\/caid.gob.do\/transparencia\/wp-json\/wp\/v2\/comments?post=2494"}],"version-history":[{"count":65,"href":"https:\/\/caid.gob.do\/transparencia\/wp-json\/wp\/v2\/pages\/2494\/revisions"}],"predecessor-version":[{"id":6678,"href":"https:\/\/caid.gob.do\/transparencia\/wp-json\/wp\/v2\/pages\/2494\/revisions\/6678"}],"up":[{"embeddable":true,"href":"https:\/\/caid.gob.do\/transparencia\/wp-json\/wp\/v2\/pages\/505"}],"wp:attachment":[{"href":"https:\/\/caid.gob.do\/transparencia\/wp-json\/wp\/v2\/media?parent=2494"}],"curies":[{"name":"wp","href":"https:\/\/api.w.org\/{rel}","templated":true}]}}